{"id":503,"date":"2024-01-29T19:42:41","date_gmt":"2024-01-29T18:42:41","guid":{"rendered":"https:\/\/lautomneseranoir.fr\/?page_id=503"},"modified":"2024-01-29T19:47:34","modified_gmt":"2024-01-29T18:47:34","slug":"auteurs-du-salon-2023","status":"publish","type":"page","link":"https:\/\/lautomneseranoir.fr\/index.php\/auteurs-du-salon-2023\/","title":{"rendered":"Auteurs du salon 2023"},"content":{"rendered":"\n<h4 class=\"wp-block-heading has-text-align-center\">Danielle THI\u00c9RY &#8211; Marainne du salon<\/h4>\n\n\n\n<figure class=\"wp-block-image size-thumbnail\"><img loading=\"lazy\" decoding=\"async\" width=\"150\" height=\"150\" src=\"https:\/\/lautomneseranoir.fr\/wp-content\/uploads\/2023\/08\/AVT_Danielle-Thiery_6928-150x150.webp\" alt=\"\" class=\"wp-image-47\" srcset=\"https:\/\/lautomneseranoir.fr\/wp-content\/uploads\/2023\/08\/AVT_Danielle-Thiery_6928-150x150.webp 150w, https:\/\/lautomneseranoir.fr\/wp-content\/uploads\/2023\/08\/AVT_Danielle-Thiery_6928-300x300.webp 300w, https:\/\/lautomneseranoir.fr\/wp-content\/uploads\/2023\/08\/AVT_Danielle-Thiery_6928.webp 400w\" sizes=\"auto, (max-width: 150px) 100vw, 150px\" \/><figcaption class=\"wp-element-caption\">N\u00e9e \u00e0 Vi\u00e9vigne (C\u00f4te-d&rsquo;Or), le 15\/10\/1947, Danielle Thi\u00e9ry fut la premi\u00e8re femme commissaire divisionnaire en France en 1991. Elle a entre autres dirig\u00e9 la s\u00e9curit\u00e9 d&rsquo;Air France. Mauvaise graine, son premier polar a paru en 1997. Beaucoup d&rsquo;autres ont suivi, dont certains ont \u00e9t\u00e9 traduits. Elle est \u00e9galement l&rsquo;auteur de la s\u00e9rie t\u00e9l\u00e9vis\u00e9e Quai n\u00b01 diffus\u00e9e sur France 2. Elle a obtenu des prix litt\u00e9raires,notamment le Prix Polar et le Prix Charles Exbrayat pour \u00ab\u00a0Mises \u00e0 mort\u00a0\u00bb, le Prix Gayant Lecture &#8211; Cat\u00e9gorie 3 pour \u00ab\u00a0Nuit blanche au mus\u00e9e\u00a0\u00bb et le Prix du Quai des Orf\u00e8vres 2013 pour \u00ab\u00a0Des clous dans le c\u0153ur\u00a0\u00bb. Bibliographie : &#8211; SYROS \u2013 Cannibale \u2013 l\u2019Ange obscur \u2013 La Sourici\u00e8re \u2013 Sex doll \u2013 F\u00e9roce \u2013 D\u00e9rapages \u2013 Tabous \u2013 \u00c9changes \u2013 Le jour de gloire \u2013 Crimes de Seine \u2013 Des clous dans le c\u0153ur \u2013 le Festin des anges \u2013 Affaire class\u00e9e \u2013 l\u2019Ombre des morts \u2013 Le sang du bourreau <br>Source : http:\/\/www.rue-des-livres.com <\/figcaption><\/figure>\n\n\n\n<div class=\"wp-block-buttons is-layout-flex wp-block-buttons-is-layout-flex\">\n<div class=\"wp-block-button is-style-fill\"><a class=\"wp-block-button__link has-text-align-center wp-element-button\" href=\"https:\/\/lautomneseranoir.fr\/index.php\/2023\/08\/29\/danielle-thiery\/\">Bibliographie<\/a><\/div>\n<\/div>\n\n\n\n<hr class=\"wp-block-separator has-alpha-channel-opacity\"\/>\n\n\n\n<h4 class=\"wp-block-heading has-text-align-center\">Pierre POUCHAIRET &#8211; Invit\u00e9 d&rsquo;honneur<\/h4>\n\n\n\n<figure class=\"wp-block-image size-thumbnail\"><img loading=\"lazy\" decoding=\"async\" width=\"150\" height=\"150\" src=\"https:\/\/lautomneseranoir.fr\/wp-content\/uploads\/2023\/08\/AVT_Pierre-Pouchairet_1423-150x150.webp\" alt=\"\" class=\"wp-image-49\"\/><figcaption class=\"wp-element-caption\">N\u00e9 en 1957, Pierre Pouchairet, dans une vie pr\u00e9c\u00e9dente, il \u00e9tait commandant de la police nationale puis chef d\u2019un groupe luttant contre le trafic de stup\u00e9fiant \u00e0 Nice, Grenoble ou Versailles, Lyon\u2026 Il a \u00e9galement \u00e9t\u00e9 \u00e0 plusieurs reprises en poste dans des ambassades, a repr\u00e9sent\u00e9 la police fran\u00e7aise au Liban, en Turquie, a \u00e9t\u00e9 attach\u00e9 de s\u00e9curit\u00e9 int\u00e9rieure \u00e0 Kaboul puis au Kazakhstan. Il a publi\u00e9 en 2013 un livre t\u00e9moignage \u00ab\u00a0Des flics fran\u00e7ais \u00e0 Kaboul\u00a0\u00bb qui relate les quatre ann\u00e9es qu\u2019il a pass\u00e9es en Afghanistan et \u00ab\u00a0Coke d\u2019Azur\u00a0\u00bb en 2014. Avec \u00e0 chaque fois, cette volont\u00e9 de mettre au grand jour la r\u00e9alit\u00e9 brute de notre Histoire contemporaine. En 2014, il publie son premier polar \u00ab\u00a0Une terre pas si sainte\u00a0\u00bb. Avec son quatri\u00e8me roman, \u00ab\u00a0Mortels Trafics\u00a0\u00bb, publi\u00e9 en 2016, il est laur\u00e9at du prix du Quai des Orf\u00e8vres 2017. <br>http:\/\/pierrepouchairet.com Source : http:\/\/polar.jigal.com\/?page=liens&amp;s=28 <\/figcaption><\/figure>\n\n\n\n<div class=\"wp-block-buttons is-layout-flex wp-block-buttons-is-layout-flex\">\n<div class=\"wp-block-button\"><a class=\"wp-block-button__link wp-element-button\" href=\"https:\/\/lautomneseranoir.fr\/index.php\/2023\/08\/29\/bibliographie-pierre-pouchairet\/\">Bibliographie<\/a><\/div>\n<\/div>\n\n\n\n<hr class=\"wp-block-separator has-alpha-channel-opacity\"\/>\n\n\n\n<h4 class=\"wp-block-heading has-text-align-center\" id=\"Anouk-SHUTTERBERG\">Anouk SHUTTERBERG<\/h4>\n\n\n\n<figure class=\"wp-block-image size-thumbnail\"><img loading=\"lazy\" decoding=\"async\" width=\"150\" height=\"150\" src=\"https:\/\/lautomneseranoir.fr\/wp-content\/uploads\/2023\/08\/Anouk-SHUTTERBERG-150x150.gif\" alt=\"\" class=\"wp-image-20\"\/><figcaption class=\"wp-element-caption\">Anouk Shutterberg a travaill\u00e9 dans plusieurs galeries parisiennes. Toujours passionn\u00e9e par l&rsquo;art contemporain et collectionneuse \u00e0 ses heures, elle suit de nombreux artistes confirm\u00e9s ou en devenir. Elle a imagin\u00e9 son premier thriller, \u00ab\u00a0Jeu de peaux\u00a0\u00bb (2021), autour du march\u00e9 de l&rsquo;art sur lequel elle avait fait un m\u00e9moire de fin d&rsquo;\u00e9tude. <br>Source : amazon <\/figcaption><\/figure>\n\n\n\n<div class=\"wp-block-buttons is-layout-flex wp-block-buttons-is-layout-flex\">\n<div class=\"wp-block-button\"><a class=\"wp-block-button__link wp-element-button\" href=\"https:\/\/lautomneseranoir.fr\/index.php\/2023\/08\/29\/bibliographie-anouk-shutteberg\/\">Bibliographie<\/a><\/div>\n<\/div>\n\n\n\n<hr class=\"wp-block-separator has-alpha-channel-opacity\"\/>\n\n\n\n<h4 class=\"wp-block-heading has-text-align-center\" id=\"Christophe-GAVAT\">Christophe GAVAT<\/h4>\n\n\n\n<figure class=\"wp-block-image size-thumbnail\"><img loading=\"lazy\" decoding=\"async\" width=\"150\" height=\"150\" src=\"https:\/\/lautomneseranoir.fr\/wp-content\/uploads\/2023\/08\/AVT_Christophe-Gavat_9276-150x150.webp\" alt=\"\" class=\"wp-image-54\"\/><figcaption class=\"wp-element-caption\">N\u00e9 en 1966, Christophe GAVAT est commissaire de police et un essayiste fran\u00e7ais. Il entre dans la police en 1989. Lieutenant, il est en poste en r\u00e9gion parisienne, puis \u00e0 Lyon, au sein de la s\u00fbret\u00e9 d\u00e9partementale. Il est d\u00e9cor\u00e9 de la m\u00e9daille d&rsquo;honneur pour acte de courage et de d\u00e9vouement en 1996, \u00e0 la suite de son action lors d&rsquo;un braquage de banque au cours duquel un de ses coll\u00e8gues est bless\u00e9. Il r\u00e9ussit le concours de commissaire en 2002 et exerce \u00e0 Cannes et \u00e0 Perpignan. Il est nomm\u00e9 chef de l&rsquo;antenne grenobloise de la police judiciaire en 2010. Apr\u00e8s avoir \u00e9t\u00e9 suspendu de ses fonctions \u00e0 la suite de sa mise en examen, il est nomm\u00e9 directeur adjoint de la police aux fronti\u00e8res du d\u00e9partement de la Guyane en 2012. Apr\u00e8s avoir annonc\u00e9 mettre un terme \u00e0 sa carri\u00e8re d\u00e9but 2014, il reprend du service le 15 septembre 2014 au commissariat d&rsquo;Annecy. subordonn\u00e9 du directeur adjoint de la PJ de Lyon, Michel Neyret, il est arr\u00eat\u00e9 au cours de l&rsquo;enqu\u00eate qui vise celui-ci, avec trois autres policiers. La proc\u00e9dure judiciaire est toujours en cours. Parall\u00e8lement, une enqu\u00eate administrative est ouverte. Suite \u00e0 cette derni\u00e8re il re\u00e7oit un bl\u00e2me pour \u00ab n\u00e9gligence fautive \u00bb et est autoris\u00e9 \u00e0 r\u00e9int\u00e9grer la police en 2012. Dans son premier livre, paru en 2013, quelques mois apr\u00e8s sa mise en cause dans l&rsquo;\u00ab affaire Neyret \u00bb, il revient sur sa carri\u00e8re, clame son innocence et critique la mani\u00e8re dont l&rsquo;enqu\u00eate a \u00e9t\u00e9 men\u00e9e. Les droits d&rsquo;adaptation ont \u00e9t\u00e9 achet\u00e9s par Olivier Marchal. Il revient dans son second livre sur des anecdotes marquantes de sa vie de policier et porte un regard d\u00e9sabus\u00e9 sur les institutions polici\u00e8re et judiciaire fran\u00e7aises. 2013 \u00ab\u00a096 heures, un commissaire en garde \u00e0 vue\u00a0\u00bb 2014 \u00ab\u00a0Flic un jour, flic toujours. La 97e Heure\u00a0\u00bb <br>Source : wikipedia <\/figcaption><\/figure>\n\n\n\n<div class=\"wp-block-buttons is-layout-flex wp-block-buttons-is-layout-flex\">\n<div class=\"wp-block-button\"><a class=\"wp-block-button__link wp-element-button\" href=\"https:\/\/lautomneseranoir.fr\/index.php\/2023\/08\/30\/bibliographie-christophe-gavat\/\">Bibliographie<\/a><\/div>\n<\/div>\n\n\n\n<hr class=\"wp-block-separator has-alpha-channel-opacity\"\/>\n\n\n\n<h4 class=\"wp-block-heading has-text-align-center\">Didier FOSSEY<\/h4>\n\n\n\n<figure class=\"wp-block-image size-thumbnail\"><img loading=\"lazy\" decoding=\"async\" width=\"150\" height=\"150\" src=\"https:\/\/lautomneseranoir.fr\/wp-content\/uploads\/2023\/08\/AVT_Didier-Fossey_7305-150x150.webp\" alt=\"\" class=\"wp-image-56\"\/><figcaption class=\"wp-element-caption\">Didier Fossey est n\u00e9 en 1954 \u00e0 Paris. Apr\u00e8s des \u00e9tudes secondaires laborieuses, il fr\u00e9quente un lyc\u00e9e h\u00f4telier \u00e0 Granville, en Normandie, d\u2019o\u00f9 il sort muni d\u2019un CAP de gar\u00e7on de restaurant. Il a la chance de travailler sur le paquebot France, puis dans diff\u00e9rents \u00e9tablissements parisiens avant d\u2019ouvrir son propre restaurant. En 1984, il laisse tout tomber pour entrer dans la police, \u00e0 Paris. Ses ann\u00e9es de service en brigade anticriminalit\u00e9 de Nuit du 13e arrondissement de 1986 \u00e0 2001, les nuits de planque, de traque, la morsure du froid, ce monde de la nuit lui plaisent et lui fournissent quelques anecdotes croustillantes qui lui serviront quelques ann\u00e9es plus tard. Apr\u00e8s avoir retrouv\u00e9 des textes \u00e9crits autrefois pour le plaisir, il se lance dans l\u2019\u00e9criture de son premier polar, \u00ab\u00a0Tr@que sur le Web\u00a0\u00bb publi\u00e9 dans une petite maison d\u2019\u00e9dition en 2010. Fort de cette exp\u00e9rience, il \u00e9crit un autre polar, \u00ab\u00a0Ad Unum\u00a0\u00bb, en 2011, toujours dans la m\u00eame maison d\u2019\u00e9dition. En 2014, sollicit\u00e9 par un nouvel \u00e9diteur, il \u00e9crit un roman d\u2019action. Puis, en 2015, il renoue avec le polar et \u00e9crit \u00ab\u00a0Burn-Out\u00a0\u00bb aux \u00c9ditions Flamant Noir. Le livre rencontre un tr\u00e8s grand succ\u00e8s et remporte le Prix polar 2015 du Lions club. Depuis, il ne cesse de conqu\u00e9rir les lecteurs ! On pourrait vous dire aussi qu\u2019il est n\u00e9 en 1954, adore son chien Amos, un carlin sur lequel il n\u2019a aucune autorit\u00e9. Qu\u2019il n\u2019a jamais correspondu aux clich\u00e9s de policiers, ce qui a lui a valu parfois quelques remontrances. Qu\u2019il aime aussi chiner dans les brocantes, \u00e9couter Serge Gainsbourg et manger un Paris-Brest, que sur une piste de danse il a deux pieds gauches et qu\u2019il est ophiophobe, mais \u00e7a, c\u2019est une autre histoire\u2026 <br>Source : les 2 encres <\/figcaption><\/figure>\n\n\n\n<div class=\"wp-block-buttons is-layout-flex wp-block-buttons-is-layout-flex\">\n<div class=\"wp-block-button\"><a class=\"wp-block-button__link wp-element-button\" href=\"https:\/\/lautomneseranoir.fr\/index.php\/2023\/08\/30\/bibliographie-didier-fossey\/\">Bibliographie<\/a><\/div>\n<\/div>\n\n\n\n<hr class=\"wp-block-separator has-alpha-channel-opacity\"\/>\n\n\n\n<h4 class=\"wp-block-heading has-text-align-center\">Emmanuel VARLE<\/h4>\n\n\n\n<figure class=\"wp-block-image size-thumbnail\"><img loading=\"lazy\" decoding=\"async\" width=\"150\" height=\"150\" src=\"https:\/\/lautomneseranoir.fr\/wp-content\/uploads\/2023\/08\/AVT_Emmanuel-Varle_6777-150x150.webp\" alt=\"\" class=\"wp-image-57\"\/><figcaption class=\"wp-element-caption\">N\u00e9 le 15\/02\/1960, Emmanuel Holzbacher dit Emmanuel Varle est auteur de roman policier. F\u00e9ru de litt\u00e9rature, passionn\u00e9 d\u2019histoire et fin connaisseur du monde animal, il a fait partie de la police nationale pendant trente ans avec le grade de commandant. Cette exp\u00e9rience professionnelle lui a permis de rencontrer des gens venus d\u2019horizons tr\u00e8s divers, souvent issus de communaut\u00e9s peu connues du grand public. Il souhaite au travers de l\u2019\u00e9criture faire partager aux lecteurs ce v\u00e9cu passionnant. \u00ab\u00a0Le cirque s&rsquo;invite au 36\u00a0\u00bb (2014), \u00ab\u00a0R\u00e9demption fatale\u00a0\u00bb (2015), \u00ab\u00a0Dernier virage avant l&rsquo;enfer\u00a0\u00bb (2016) ont \u00e9t\u00e9 publi\u00e9 chez les Presses litt\u00e9raires \u00ab\u00a0No probl\u00e9mo\u00a0\u00bb, son quatri\u00e8me roman, est paru le 7 juin 2019 aux \u00e9ditions Lajouanie. <br>page Facebook : https:\/\/www.facebook.com\/people\/Emmanuel-Varle\/100008372266759 <\/figcaption><\/figure>\n\n\n\n<div class=\"wp-block-buttons is-layout-flex wp-block-buttons-is-layout-flex\">\n<div class=\"wp-block-button\"><a class=\"wp-block-button__link wp-element-button\" href=\"https:\/\/lautomneseranoir.fr\/index.php\/2023\/08\/30\/bibliographie-emmanuel-varle\/\">Bibliographie<\/a><\/div>\n<\/div>\n\n\n\n<hr class=\"wp-block-separator has-alpha-channel-opacity\"\/>\n\n\n\n<h4 class=\"wp-block-heading has-text-align-center\">\u00c9ric DUPUIS<\/h4>\n\n\n\n<figure class=\"wp-block-image size-medium\"><img loading=\"lazy\" decoding=\"async\" width=\"168\" height=\"300\" src=\"https:\/\/lautomneseranoir.fr\/wp-content\/uploads\/2023\/08\/AVT_Dupuis-Eric_4203-168x300.webp\" alt=\"\" class=\"wp-image-58\" srcset=\"https:\/\/lautomneseranoir.fr\/wp-content\/uploads\/2023\/08\/AVT_Dupuis-Eric_4203-168x300.webp 168w, https:\/\/lautomneseranoir.fr\/wp-content\/uploads\/2023\/08\/AVT_Dupuis-Eric_4203.webp 520w\" sizes=\"auto, (max-width: 168px) 100vw, 168px\" \/><figcaption class=\"wp-element-caption\">N\u00e9 en 1965 dans le d\u00e9partement du Pas-de-Calais, Eric Dupuis, puise dans son exp\u00e9rience de policier pour \u00e9crire ses polars. Conseiller technique pour le cin\u00e9ma et la t\u00e9l\u00e9vision, il est passionn\u00e9 par le Krav-maga, discipline qu\u2019il enseigne depuis de nombreuses ann\u00e9es. Auteur valdoisien, \u00c9ric Dupuis a publi\u00e9 sept romans policiers. Son expertise dans la Police nationale comme major-instructeur le fait rep\u00e9rer par le milieu du cin\u00e9ma o\u00f9 il devient conseiller technique et com\u00e9dien sur les plateaux de tournage (Julie Lescaut, Profilage ou Polisse de Ma\u00efwenn). Il finit par \u00e9crire ses propres romans dans lesquels les h\u00e9ros ne sont ni commissaires ni lieutenants, mais des hommes de terrains, des gardiens de la paix dans leurs uniformes bleus. <\/figcaption><\/figure>\n\n\n\n<div class=\"wp-block-buttons is-layout-flex wp-block-buttons-is-layout-flex\">\n<div class=\"wp-block-button\"><a class=\"wp-block-button__link wp-element-button\" href=\"https:\/\/lautomneseranoir.fr\/index.php\/2023\/08\/30\/bibliographie-eric-dupuis\/\">Bibliographie<\/a><\/div>\n<\/div>\n\n\n\n<hr class=\"wp-block-separator has-alpha-channel-opacity\"\/>\n\n\n\n<h4 class=\"wp-block-heading has-text-align-center\">Isabelle DESAULVE<\/h4>\n\n\n\n<figure class=\"wp-block-image size-thumbnail\"><img loading=\"lazy\" decoding=\"async\" width=\"150\" height=\"150\" src=\"https:\/\/lautomneseranoir.fr\/wp-content\/uploads\/2023\/08\/Isabelle-DESAULVE-150x150.gif\" alt=\"\" class=\"wp-image-59\"\/><figcaption class=\"wp-element-caption\">N\u00e9e en 1971 \u00e0 Valenciennes, Isabelle Desaulve signe aux \u00e9ditions Edilivre son premier roman policier. Apr\u00e8s \u00ab\u00a0La passion d&rsquo;Elisa\u00a0\u00bb retra\u00e7ant une histoire d&rsquo;amour interdite, l&rsquo;auteur change de style tout en restant dans le roman noir. De nombreuses s\u00e9ries am\u00e9ricaines ont inspir\u00e9 l&rsquo;auteur afin de tenir le lecteur en haleine jusqu&rsquo;au d\u00e9nouement. <br>Source:Amazon<\/figcaption><\/figure>\n\n\n\n<div class=\"wp-block-buttons is-layout-flex wp-block-buttons-is-layout-flex\">\n<div class=\"wp-block-button\"><a class=\"wp-block-button__link wp-element-button\" href=\"https:\/\/lautomneseranoir.fr\/index.php\/2023\/08\/31\/bibliographie-isabelle-desaulve\/\">Bibliographie<\/a><\/div>\n<\/div>\n\n\n\n<hr class=\"wp-block-separator has-alpha-channel-opacity\"\/>\n\n\n\n<h4 class=\"wp-block-heading has-text-align-center\">James HOLIN<\/h4>\n\n\n\n<figure class=\"wp-block-image size-thumbnail\"><img loading=\"lazy\" decoding=\"async\" width=\"150\" height=\"150\" src=\"https:\/\/lautomneseranoir.fr\/wp-content\/uploads\/2023\/08\/AVT_James-Holin_6217-150x150.webp\" alt=\"\" class=\"wp-image-60\"\/><figcaption class=\"wp-element-caption\">James Holin est n\u00e9 \u00e0 Paris. S\u2019il passe son enfance entre le Palais royal et la porte Saint-Denis, son poste l\u2019am\u00e8ne \u00e0 voyager \u00e0 l\u2019\u00e9tranger et en province. C\u2019est \u00e0 cette occasion qu\u2019il d\u00e9couvre la Picardie et la baie de Somme. Charm\u00e9 par les paysages de cette r\u00e9gion, il s\u2019en inspire pour Sacr\u00e9 temps de chien, son premier Polars en Nord. Mais l\u2019auteur n\u2019est pas novice : il \u00e9crit depuis plus de quinze ans des romans et des nouvelles. L\u2019une d\u2019entre elle, Le Porteur de Terre, fait partie des textes laur\u00e9ats du concours de nouvelles 2014 de l\u2019association Musanostra. En 2016, il publie son deuxi\u00e8me polar Un z\u00e9ro avant la virgule, intrigue politico-financi\u00e8re \u00e0 Deauville. <br>Son blog: http:\/\/www.jamesholin.net\/ <\/figcaption><\/figure>\n\n\n\n<div class=\"wp-block-buttons is-layout-flex wp-block-buttons-is-layout-flex\">\n<div class=\"wp-block-button\"><a class=\"wp-block-button__link wp-element-button\" href=\"https:\/\/lautomneseranoir.fr\/index.php\/2023\/08\/31\/bibliographie-james-hollin\/\">Bibliographie<\/a><\/div>\n<\/div>\n\n\n\n<hr class=\"wp-block-separator has-alpha-channel-opacity\"\/>\n\n\n\n<h4 class=\"wp-block-heading has-text-align-center\">Jean-Paul PACHOLEC<\/h4>\n\n\n\n<figure class=\"wp-block-image size-thumbnail\"><img loading=\"lazy\" decoding=\"async\" width=\"150\" height=\"150\" src=\"https:\/\/lautomneseranoir.fr\/wp-content\/uploads\/2023\/08\/Jean-Paul-Pacholec-150x150.jpeg\" alt=\"\" class=\"wp-image-61\" style=\"object-fit:cover\"\/><figcaption class=\"wp-element-caption\">Jean-Paul Pacholec, auteur bourguignon, vit \u00e0 Chevigny-Saint-Sauveur en C\u00f4te-d\u2019Or. Professeur d\u2019\u00e9ducation musicale au sein de l\u2019\u00c9ducation nationale pendant quarante ans, il troque les notes pour les mots d\u00e8s son d\u00e9part en 2017, et se consacre d\u00e9sormais \u00e0 l\u2019\u00e9criture. \nApr\u00e8s son premier roman, \u00ab Requiem au pays des gueules noires \u00bb, dons les deux tomes paraissent en 2021, il nous propose une nouvelle histoire ! Celle-ci nous entra\u00eene dans sa r\u00e9gion de c\u0153ur : le Haut-Jura\u2026<\/figcaption><\/figure>\n\n\n\n<div class=\"wp-block-buttons is-layout-flex wp-block-buttons-is-layout-flex\">\n<div class=\"wp-block-button\"><a class=\"wp-block-button__link wp-element-button\" href=\"https:\/\/lautomneseranoir.fr\/index.php\/2023\/08\/31\/jean-paul-pacholec\/\">Bibliographie<\/a><\/div>\n<\/div>\n\n\n\n<hr class=\"wp-block-separator has-alpha-channel-opacity\"\/>\n\n\n\n<h4 class=\"wp-block-heading has-text-align-center\">Jean-Pierre Favard<\/h4>\n\n\n\n<figure class=\"wp-block-image size-thumbnail\"><img loading=\"lazy\" decoding=\"async\" width=\"150\" height=\"150\" src=\"https:\/\/lautomneseranoir.fr\/wp-content\/uploads\/2023\/08\/AVT_Jean-Pierre-Favard_920-150x150.webp\" alt=\"\" class=\"wp-image-68\"\/><figcaption class=\"wp-element-caption\">N\u00e9 \u00e0 Clamecy, le 21\/03\/1970, Jean-Pierre Favard est l&rsquo;auteur de polars \u00e9sot\u00e9riques, dont la trilogie de La Commission des 25 (d\u00e9but\u00e9e chez Petite Nuit en 2003 et achev\u00e9e aux \u00e9ditions du Panier d&rsquo;Orties en 2007) qui voit la r\u00e9surgence de l&rsquo;\u00e9nigme templi\u00e8re au c\u0153ur du Clamecy contemporain, ou La seconde mort de Camille Millien (Le Panier d&rsquo;Orties, 2008) qui m\u00eale ph\u00e9nom\u00e8nes de hantise et traditions celtiques dans une combe recul\u00e9e du massif du Morvan. D\u00e9sormais jurassien, Jean-Pierre Favard explore les myst\u00e8res de la Franche-Comt\u00e9.<\/figcaption><\/figure>\n\n\n\n<div class=\"wp-block-buttons is-layout-flex wp-block-buttons-is-layout-flex\">\n<div class=\"wp-block-button\"><a class=\"wp-block-button__link wp-element-button\" href=\"https:\/\/lautomneseranoir.fr\/index.php\/2023\/08\/31\/bibliographie-jean-pierre-favard\/\">Bibliographie<\/a><\/div>\n<\/div>\n\n\n\n<hr class=\"wp-block-separator has-alpha-channel-opacity\"\/>\n\n\n\n<h4 class=\"wp-block-heading has-text-align-center\">Jean-Pierre Levain<\/h4>\n\n\n\n<figure class=\"wp-block-image size-thumbnail\"><img loading=\"lazy\" decoding=\"async\" width=\"150\" height=\"150\" src=\"https:\/\/lautomneseranoir.fr\/wp-content\/uploads\/2023\/08\/AVT_Jean-Pierre-Levain_578-150x150.webp\" alt=\"\" class=\"wp-image-69\" srcset=\"https:\/\/lautomneseranoir.fr\/wp-content\/uploads\/2023\/08\/AVT_Jean-Pierre-Levain_578-150x150.webp 150w, https:\/\/lautomneseranoir.fr\/wp-content\/uploads\/2023\/08\/AVT_Jean-Pierre-Levain_578-300x300.webp 300w, https:\/\/lautomneseranoir.fr\/wp-content\/uploads\/2023\/08\/AVT_Jean-Pierre-Levain_578.webp 520w\" sizes=\"auto, (max-width: 150px) 100vw, 150px\" \/><figcaption class=\"wp-element-caption\">Jean-Pierre Levain est Docteur en psychologie. Il a \u00e9t\u00e9 chercheur \u00e0 l&rsquo;Institut de recherche sur l&rsquo;enseignement des math\u00e9matiques et ma\u00eetre de conf\u00e9rences en sciences de l&rsquo;\u00e9ducation \u00e0 l&rsquo;Universit\u00e9 de Franche-Comt\u00e9. Aujourd&rsquo;hui \u00e0 la retraite, il s&rsquo;est reconverti dans l&rsquo;\u00e9criture de romans policiers. Le premier s&rsquo;intitule \u00ab\u00a0Les femmes ne plaisantent pas avec l&rsquo;amour\u00a0\u00bb (2020). <br>page Facebook : https:\/\/www.facebook.com\/JPLevain\/ <\/figcaption><\/figure>\n\n\n\n<div class=\"wp-block-buttons is-layout-flex wp-block-buttons-is-layout-flex\">\n<div class=\"wp-block-button\"><a class=\"wp-block-button__link wp-element-button\" href=\"https:\/\/lautomneseranoir.fr\/index.php\/2023\/08\/31\/bibliographie-jean-pierre-levain\/\">Bibliographie<\/a><\/div>\n<\/div>\n\n\n\n<hr class=\"wp-block-separator has-alpha-channel-opacity\"\/>\n\n\n\n<h4 class=\"wp-block-heading has-text-align-center\">Xavier MASS\u00c9<\/h4>\n\n\n\n<figure class=\"wp-block-image size-thumbnail\"><img loading=\"lazy\" decoding=\"async\" width=\"150\" height=\"150\" src=\"https:\/\/lautomneseranoir.fr\/wp-content\/uploads\/2023\/08\/AVT_Xavier-Masse_3324-150x150.webp\" alt=\"\" class=\"wp-image-70\"\/><figcaption class=\"wp-element-caption\">N\u00e9 \u00e0 Roussillon dans l&rsquo;Is\u00e8re en1977, apr\u00e8s des \u00e9tudes en G\u00e9nie civil, Xavier Mass\u00e9 entre \u00e0 la SNCF o\u00f9 il est actuellement cadre. \u00ab\u00a0R\u00e9percussions\u00a0\u00bb (2016) est son premier roman publi\u00e9, dans la collection \u00ab\u00a0Sueurs glaciales\u00a0\u00bb de IS \u00c9dition. <\/figcaption><\/figure>\n\n\n\n<div class=\"wp-block-buttons is-layout-flex wp-block-buttons-is-layout-flex\">\n<div class=\"wp-block-button\"><a class=\"wp-block-button__link wp-element-button\" href=\"https:\/\/lautomneseranoir.fr\/index.php\/2023\/08\/31\/bibliographie-xavier-masse\/\">Bibliographie<\/a><\/div>\n<\/div>\n\n\n\n<hr class=\"wp-block-separator has-alpha-channel-opacity\"\/>\n\n\n\n<h4 class=\"wp-block-heading has-text-align-center\">Laurent PHILIPPARIE<\/h4>\n\n\n\n<figure class=\"wp-block-image size-thumbnail\"><img loading=\"lazy\" decoding=\"async\" width=\"150\" height=\"150\" src=\"https:\/\/lautomneseranoir.fr\/wp-content\/uploads\/2023\/08\/AVT_Laurent-Philipparie_7810-150x150.webp\" alt=\"\" class=\"wp-image-71\"\/><figcaption class=\"wp-element-caption\">N\u00e9 \u00e0 Sarlat le 26\/07\/1973, Laurent Philipparie est criminologue, capitaine de police, romancier et conseiller litt\u00e9raire. Entr\u00e9 \u00e0 27 ans dans la police, il commande aujourd\u2019hui des unit\u00e9s de terrain dans l\u2019agglom\u00e9ration bordelaise. Son go\u00fbt de l&rsquo;\u00e9criture, il le fait partager \u00e0 des lyc\u00e9ens, dans le cadre de missions interminist\u00e9rielles. Apr\u00e8s quinze ans \u00e0 la BAC, il publie son premier roman, \u00ab\u00a0Ne regarde pas l&rsquo;ombre\u00a0\u00bb (2016). <br>page Facebook : https:\/\/www.facebook.com\/laurent.philipparie <\/figcaption><\/figure>\n\n\n\n<div class=\"wp-block-buttons is-layout-flex wp-block-buttons-is-layout-flex\">\n<div class=\"wp-block-button\"><a class=\"wp-block-button__link wp-element-button\" href=\"https:\/\/lautomneseranoir.fr\/index.php\/2023\/08\/31\/bibliographie-laurent-philapparie\/\">Bibliographie<\/a><\/div>\n<\/div>\n\n\n\n<hr class=\"wp-block-separator has-alpha-channel-opacity\"\/>\n\n\n\n<h4 class=\"wp-block-heading has-text-align-center\">Marie-H\u00e9l\u00e9ne BRANCIARD<\/h4>\n\n\n\n<figure class=\"wp-block-image size-thumbnail\"><img loading=\"lazy\" decoding=\"async\" width=\"150\" height=\"150\" src=\"https:\/\/lautomneseranoir.fr\/wp-content\/uploads\/2023\/08\/AVT_Marie-Helene-Branciard_5638-150x150.webp\" alt=\"\" class=\"wp-image-72\"\/><figcaption class=\"wp-element-caption\">Install\u00e9e dans un petit village du Jura depuis 2020, Marie-H\u00e9l\u00e8ne Branciard a v\u00e9cu \u00e0 Lyon, Paris et Dijon. Elle a \u00e9t\u00e9 charg\u00e9e d\u2019\u00e9tudes sociologiques, pigiste, r\u00e9dactrice en chef du magazine Plan\u00e8te Spook (CRIJ Bourgogne), webmaster pour un site d\u00e9di\u00e9 \u00e0 l\u2019environnement. D\u00e9sormais \u00e0 son compte, elle cr\u00e9e des sites Internet, des logos et r\u00e9dige des articles pour des entreprises ou des associations. En tant qu\u2019autrice elle a donn\u00e9 vie, entre autres, \u00e0 la commandante Carole Jourdan qui m\u00e8ne tambour battant des enqu\u00eates hors des sentiers balis\u00e9s. Attachants, dr\u00f4les, vifs, ses personnages donnent envie d\u2019\u00eatre de la bande m\u00eame quand le livre est referm\u00e9. La plupart de ses lectrices et lecteurs s\u2019en sont fait des amis qu\u2019ils attendent avec impatience d\u2019un roman \u00e0 l\u2019autre. Elle est l&rsquo;autrice d&rsquo;un roman noir, \u00ab\u00a0Les loups du remords\u00a0\u00bb (2015), d&rsquo;une nouvelle noire \u00ab\u00a0Le P\u00e8re No\u00ebl est paff\u00e9\u00a0\u00bb (2021) et de 2 polars, #Jenaipasport\u00e9plainte (2016) et \u00ab\u00a0Les Pixels Morts\u00a0\u00bb (2022). Un 3e polar est en cours d&rsquo;\u00e9criture. <br>Source : http:\/\/poutan.fr <\/figcaption><\/figure>\n\n\n\n<div class=\"wp-block-buttons is-layout-flex wp-block-buttons-is-layout-flex\">\n<div class=\"wp-block-button\"><a class=\"wp-block-button__link wp-element-button\" href=\"https:\/\/lautomneseranoir.fr\/index.php\/2023\/08\/31\/bibliographie-marie-helene-branciard\/\">Bibliographie<\/a><\/div>\n<\/div>\n\n\n\n<hr class=\"wp-block-separator has-alpha-channel-opacity\"\/>\n\n\n\n<h4 class=\"wp-block-heading has-text-align-center\">Oph\u00e9lie COHEN<\/h4>\n\n\n\n<figure class=\"wp-block-image size-thumbnail\"><img loading=\"lazy\" decoding=\"async\" width=\"150\" height=\"150\" src=\"https:\/\/lautomneseranoir.fr\/wp-content\/uploads\/2023\/08\/AVT_Ophelie-Cohen_6158-150x150.webp\" alt=\"\" class=\"wp-image-74\"\/><figcaption class=\"wp-element-caption\">N\u00e9e en 1980, Oph\u00e9lie Cohen est fonctionnaire de police depuis plus de vingt ans. Tomb\u00e9e dans les biblioth\u00e8ques quand elle \u00e9tait enfant, elle saute le pas et passe de lecteur \u00e0 auteur. \u00ab\u00a0H\u00e9lo\u00efse\u00a0\u00bb est son premier roman. <\/figcaption><\/figure>\n\n\n\n<div class=\"wp-block-buttons is-layout-flex wp-block-buttons-is-layout-flex\">\n<div class=\"wp-block-button\"><a class=\"wp-block-button__link wp-element-button\" href=\"https:\/\/lautomneseranoir.fr\/index.php\/2023\/08\/31\/bibliographie-ophelie-cohen\/\">Bibliographie<\/a><\/div>\n<\/div>\n\n\n\n<hr class=\"wp-block-separator has-alpha-channel-opacity\"\/>\n\n\n\n<h4 class=\"wp-block-heading has-text-align-center\">Romain R. MARTIN<\/h4>\n\n\n\n<figure class=\"wp-block-image size-thumbnail\"><img loading=\"lazy\" decoding=\"async\" width=\"150\" height=\"150\" src=\"https:\/\/lautomneseranoir.fr\/wp-content\/uploads\/2023\/08\/AVT_Romain-R-Martin_9637-150x150.webp\" alt=\"\" class=\"wp-image-75\" srcset=\"https:\/\/lautomneseranoir.fr\/wp-content\/uploads\/2023\/08\/AVT_Romain-R-Martin_9637-150x150.webp 150w, https:\/\/lautomneseranoir.fr\/wp-content\/uploads\/2023\/08\/AVT_Romain-R-Martin_9637-300x300.webp 300w, https:\/\/lautomneseranoir.fr\/wp-content\/uploads\/2023\/08\/AVT_Romain-R-Martin_9637.webp 520w\" sizes=\"auto, (max-width: 150px) 100vw, 150px\" \/><figcaption class=\"wp-element-caption\">Romain R. Martin est n\u00e9 \u00e0 Vire en 1979 en Normandie. Il vit aujourd\u2019hui \u00e0 Paris. Jeune adulte et passionn\u00e9 de Black Metal, celui-ci quitte le lyc\u00e9e au premier trimestre de terminal pour devenir musicien et travailler avec un petit label sp\u00e9cialis\u00e9 de la Dr\u00f4me. En 2007, il d\u00e9m\u00e9nage sur la capitale pour se r\u00e9orienter vers le montage vid\u00e9o et le graphisme. Puis en 2011, il s\u2019engage pour trois ans en tant que R\u00e9serviste Police nationale. Son contrat termin\u00e9, il se met \u00e0 l\u2019\u00e9criture de son premier roman : \u201cVermines\u201d (Flamant Noir \u00e9ditions, 2017). Apr\u00e8s de nombreux salons litt\u00e9raires, s\u00e9lections et port\u00e9 par le succ\u00e8s critique, il \u00e9crit : \u201cLa Dissidence des Cancrelats\u201d (LBS \u00e9ditions, Dilisco Albin Michel, 2020). En septembre 2022, il rejoint les \u00e9ditions Magnus avec son troisi\u00e8me roman : \u201cLes Barbel\u00e9s du P\u00e9nitent\u201d. Sortie f\u00e9vrier 2023. Outre le fait que sa m\u00e8re l\u2019ait toujours pouss\u00e9 \u00e0 \u00e9crire, c\u2019est l\u2019accumulation de situations improbables, tristes, voire grotesques, rencontr\u00e9es au sein de la police, mais plus g\u00e9n\u00e9ralement au fil de sa vie, qui lui donne le go\u00fbt de l\u2019\u00e9criture. Amateur d\u2019humour noir avec un int\u00e9r\u00eat prononc\u00e9 pour le d\u00e9risoire et l&rsquo;absurde, il trouve dans la r\u00e9daction de l\u2019imaginaire un refuge et une parfaite sc\u00e8ne de th\u00e9\u00e2tre pour y faire vivre ses personnages excentriques. Romans : LES BARBEL\u00c9S DU P\u00c9NITENT (Magnus \u00e9ditions, 2023) LA DISSIDENCE DES CANCRELATS (LBS \u00e9ditions, 2020) Finaliste du Prix litt\u00e9raire du Ch\u00e2teau le Verdoyer. Finaliste du Prix litt\u00e9raire La Cigogne Noire. S\u00e9lection officielle Prix D\u00e9couverte Iris Noir Bruxelles VERMINES (Flamant Noir \u00e9ditions, 2017) Finaliste du Prix du jury Les G\u00e9ants du Polar. Finaliste du Prix d\u00e9couverte du Balai d&rsquo;OR. Finaliste du Prix du 1ER roman du Rotary Club.<br>Source : https:\/\/www.amazon.fr\/~\/e\/B075ZS53MB <\/figcaption><\/figure>\n\n\n\n<div class=\"wp-block-buttons is-layout-flex wp-block-buttons-is-layout-flex\">\n<div class=\"wp-block-button\"><a class=\"wp-block-button__link wp-element-button\" href=\"https:\/\/lautomneseranoir.fr\/index.php\/2023\/08\/31\/bibliographie-romain-r-martin\/\">Bibliographie<\/a><\/div>\n<\/div>\n\n\n\n<hr class=\"wp-block-separator has-alpha-channel-opacity\"\/>\n\n\n\n<h4 class=\"wp-block-heading has-text-align-center\">Sacha ERBEL<\/h4>\n\n\n\n<figure class=\"wp-block-image size-thumbnail\"><img loading=\"lazy\" decoding=\"async\" width=\"150\" height=\"150\" src=\"https:\/\/lautomneseranoir.fr\/wp-content\/uploads\/2023\/08\/AVT_Sacha-Erbel_1594-150x150.webp\" alt=\"\" class=\"wp-image-73\"\/><figcaption class=\"wp-element-caption\">N\u00e9 \u00e0 Dijon en 1972, dipl\u00f4m\u00e9e en Criminologie appliqu\u00e9e \u00e0 l\u2019expertise mentale, Sacha Erbel (un nom de plume) est fonctionnaire de police depuis plus de 20 ans. Elle travaille au Service de la protection (SDLP) o\u00f9 elle est en charge de la protection rapproch\u00e9e de diff\u00e9rentes personnalit\u00e9s politiques ou civiles. Elle est auteur d&rsquo;un premier roman, \u00ab\u00a0L\u2019emprise des sens\u00a0\u00bb, publi\u00e9 en 2016. <br>Source : collectifpolar.wordpress.com <\/figcaption><\/figure>\n\n\n\n<div class=\"wp-block-buttons is-layout-flex wp-block-buttons-is-layout-flex\">\n<div class=\"wp-block-button\"><a class=\"wp-block-button__link wp-element-button\" href=\"https:\/\/lautomneseranoir.fr\/index.php\/2023\/09\/01\/bibliographie-sacha-erbel\/\">Bibliographie<\/a><\/div>\n<\/div>\n\n\n\n<hr class=\"wp-block-separator has-alpha-channel-opacity\"\/>\n\n\n\n<h4 class=\"wp-block-heading has-text-align-center\">Sandrine DUROCHAT<\/h4>\n\n\n\n<figure class=\"wp-block-image size-thumbnail\"><img loading=\"lazy\" decoding=\"async\" width=\"150\" height=\"150\" src=\"https:\/\/lautomneseranoir.fr\/wp-content\/uploads\/2023\/08\/AVT_Sandrine-Durochat_1925-150x150.webp\" alt=\"\" class=\"wp-image-76\"\/><figcaption class=\"wp-element-caption\">Sandrine Durochat est avocate depuis une quinzaine d\u2019ann\u00e9es. Convaincre des juges par la parole ou des lecteurs par l\u2019\u00e9criture sont des exercices d\u00e9licats dans lesquels elle appr\u00e9cie s\u2019aventurer. Elle s\u2019inspire de ses rencontres professionnelles diverses et vari\u00e9es ainsi que de ses contemporains pour cr\u00e9er ses fictions et donner vie \u00e0 ses personnages. Elle est l&rsquo;auteur de \u00ab\u00a0A sang et \u00e0 mort\u00a0\u00bb. <\/figcaption><\/figure>\n\n\n\n<div class=\"wp-block-buttons is-layout-flex wp-block-buttons-is-layout-flex\">\n<div class=\"wp-block-button\"><a class=\"wp-block-button__link wp-element-button\" href=\"https:\/\/lautomneseranoir.fr\/index.php\/2023\/09\/01\/bibliographie-sandrine-durochat\/\">Bibliographie<\/a><\/div>\n<\/div>\n\n\n\n<hr class=\"wp-block-separator has-alpha-channel-opacity\"\/>\n\n\n\n<h4 class=\"wp-block-heading has-text-align-center\">S\u00e9bastien THEVENY<\/h4>\n\n\n\n<figure class=\"wp-block-image size-thumbnail\"><img loading=\"lazy\" decoding=\"async\" width=\"150\" height=\"150\" src=\"https:\/\/lautomneseranoir.fr\/wp-content\/uploads\/2023\/08\/AVT_Sebastien-Theveny_969-150x150.webp\" alt=\"\" class=\"wp-image-77\"\/><figcaption class=\"wp-element-caption\">N\u00e9 \u00e0 Bar sur Aube le 11\/09\/1976, S\u00e9bastien Theveny est aujourd&rsquo;hui un auteur hybride : \u00e0 la fois auto\u00e9dit\u00e9 et au catalogue de plusieurs maisons d&rsquo;\u00e9dition. C&rsquo;est en 2016 que d\u00e9bute pour lui la grande aventure de l&rsquo;\u00e9dition. Cette ann\u00e9e-l\u00e0, son premier roman Trouble Je para\u00eet aux \u00c9ditions Douin, le jour-m\u00eame de ses 40 ans. Un anniversaire haut en couleurs qui allait augurer d&rsquo;une suite inesp\u00e9r\u00e9e. Un Fr\u00e8re de Trop, son deuxi\u00e8me roman et premier thriller, voit le jour en novembre 2017 en auto\u00e9dition sur Amazon. Et c&rsquo;est d&#8217;embl\u00e9e un \u00e9norme succ\u00e8s commercial et critique aupr\u00e8s des lecteurs. Ce roman, #1 des ventes Kindle pendant 5 semaines, devient le titre auto\u00e9dit\u00e9 le plus lu de l&rsquo;ann\u00e9e 2018, avec plus de 36000 lecteurs. C&rsquo;est ainsi que les \u00c9ditions Michel Lafon d\u00e9cident de lui donner sa chance dans le circuit traditionnel et une nouvelle version d\u00e9barque en librairie en f\u00e9vrier 2019. Trente secondes avant de mourir, un nouveau thriller, paru en juin 2018, dont l&rsquo;action se d\u00e9roule \u00e0 New York, a quant \u00e0 lui d\u00e9j\u00e0 s\u00e9duit plus de 16000 lecteurs. En juin 2019, S\u00e9bastien publie Huit minutes de soleil en plus, son quatri\u00e8me roman, une histoire touchante, dont le succ\u00e8s critique ne cesse de surprendre. Finaliste du Prix du Jury des Plumes Francophones Amazon 2019, pr\u00e9sid\u00e9 par Aur\u00e9lie Valognes, ce titre devient m\u00eame Laur\u00e9at mondial du Prix Amazon Prime Vid\u00e9o. S\u00e9bastien signe alors avec Amazon Studios, \u00e0 Los Angeles, un contrat d&rsquo;adaptation audiovisuelle : Huit minutes de soleil en plus devrait voir le jour dans les mois \u00e0 venir sous forme de film ou s\u00e9rie en exclusivit\u00e9 sur Prime Vid\u00e9o ! Le voisin d&rsquo;en face, nouveau thriller psychologique et cinqui\u00e8me roman de S\u00e9bastien, paru en novembre 2019 a, lui aussi, fait l&rsquo;objet de propositions d&rsquo;adaptations audiovisuelles et a d\u00e9j\u00e0 s\u00e9duit plus de 16000 lecteurs. En juin 2020, S\u00e9bastien Theveny signe un sixi\u00e8me roman, un suspense psychologique : Rumeurs, d\u00e9j\u00e0 pl\u00e9biscit\u00e9 par les lecteurs. 2020 est aussi l&rsquo;ann\u00e9e de parution de Trouble Je en version poche chez Red&rsquo;Active Editions. Parmi les projets de S\u00e9bastien, citons un roman \u00e0 4-mains \u00e0 para\u00eetre prochainement, \u00e9crit avec \u00c9milie Billon (La place de l&rsquo;Autre; Demain, la vie t&rsquo;appartient). Son septi\u00e8me roman, Un crime parfait ?, a paru en novembre 2020&#8230; 2021 verra se concr\u00e9tiser d&rsquo;autres projets parfois surprenants&#8230;<\/figcaption><\/figure>\n\n\n\n<div class=\"wp-block-buttons is-layout-flex wp-block-buttons-is-layout-flex\">\n<div class=\"wp-block-button has-custom-width wp-block-button__width-25\"><a class=\"wp-block-button__link wp-element-button\" href=\"https:\/\/lautomneseranoir.fr\/index.php\/2023\/09\/01\/bibliographie-sebastien-theveny\/\">Bibliographie<\/a><\/div>\n<\/div>\n\n\n\n<div class=\"wp-block-buttons is-layout-flex wp-block-buttons-is-layout-flex\"><\/div>\n","protected":false},"excerpt":{"rendered":"<p>Danielle THI\u00c9RY &#8211; Marainne du salon Pierre POUCHAIRET &#8211; Invit\u00e9 d&rsquo;honneur Anouk SHUTTERBERG Christophe GAVAT Didier FOSSEY Emmanuel VARLE \u00c9ric DUPUIS Isabelle DESAULVE James HOLIN Jean-Paul PACHOLEC Jean-Pierre Favard Jean-Pierre Levain Xavier MASS\u00c9 Laurent PHILIPPARIE Marie-H\u00e9l\u00e9ne BRANCIARD Oph\u00e9lie COHEN Romain R. MARTIN Sacha ERBEL Sandrine DUROCHAT S\u00e9bastien THEVENY<\/p>\n","protected":false},"author":1,"featured_media":0,"parent":0,"menu_order":0,"comment_status":"closed","ping_status":"closed","template":"","meta":{"footnotes":""},"class_list":["post-503","page","type-page","status-publish","hentry"],"_links":{"self":[{"href":"https:\/\/lautomneseranoir.fr\/index.php\/wp-json\/wp\/v2\/pages\/503","targetHints":{"allow":["GET"]}}],"collection":[{"href":"https:\/\/lautomneseranoir.fr\/index.php\/wp-json\/wp\/v2\/pages"}],"about":[{"href":"https:\/\/lautomneseranoir.fr\/index.php\/wp-json\/wp\/v2\/types\/page"}],"author":[{"embeddable":true,"href":"https:\/\/lautomneseranoir.fr\/index.php\/wp-json\/wp\/v2\/users\/1"}],"replies":[{"embeddable":true,"href":"https:\/\/lautomneseranoir.fr\/index.php\/wp-json\/wp\/v2\/comments?post=503"}],"version-history":[{"count":4,"href":"https:\/\/lautomneseranoir.fr\/index.php\/wp-json\/wp\/v2\/pages\/503\/revisions"}],"predecessor-version":[{"id":509,"href":"https:\/\/lautomneseranoir.fr\/index.php\/wp-json\/wp\/v2\/pages\/503\/revisions\/509"}],"wp:attachment":[{"href":"https:\/\/lautomneseranoir.fr\/index.php\/wp-json\/wp\/v2\/media?parent=503"}],"curies":[{"name":"wp","href":"https:\/\/api.w.org\/{rel}","templated":true}]}}