{"id":414,"date":"2023-09-03T15:58:09","date_gmt":"2023-09-03T13:58:09","guid":{"rendered":"https:\/\/lautomneseranoir.fr\/?page_id=414"},"modified":"2024-09-09T22:07:41","modified_gmt":"2024-09-09T20:07:41","slug":"le-direct-du-salon","status":"publish","type":"page","link":"https:\/\/lautomneseranoir.fr\/index.php\/le-direct-du-salon\/","title":{"rendered":"Le direct du salon"},"content":{"rendered":"\n<h2 class=\"wp-block-heading\">SALON 2024<\/h2>\n\n\n\n<h4 class=\"wp-block-heading has-text-align-center\"><strong>LES AUTEURS PR\u00c9SENTS<\/strong><\/h4>\n\n\n\n<p>Le samedi 7 au dimanche 8 septembre 2024, les autrices et les auteurs ont pr\u00e9sent\u00e9s leur dernier livre ainsi que les autres. Pour certains, ils ont particip\u00e9 \u00e0 des tables rondes. <\/p>\n\n\n\n<p>Ils ont \u00e9galement d\u00e9dicac\u00e9 leurs livres.<\/p>\n\n\n\n<figure class=\"wp-block-image size-large\"><img loading=\"lazy\" decoding=\"async\" width=\"1024\" height=\"1021\" src=\"https:\/\/lautomneseranoir.fr\/wp-content\/uploads\/2024\/09\/DSC_0094-1024x1021.jpg\" alt=\"\" class=\"wp-image-733\" srcset=\"https:\/\/lautomneseranoir.fr\/wp-content\/uploads\/2024\/09\/DSC_0094-1024x1021.jpg 1024w, https:\/\/lautomneseranoir.fr\/wp-content\/uploads\/2024\/09\/DSC_0094-300x300.jpg 300w, https:\/\/lautomneseranoir.fr\/wp-content\/uploads\/2024\/09\/DSC_0094-150x150.jpg 150w, https:\/\/lautomneseranoir.fr\/wp-content\/uploads\/2024\/09\/DSC_0094-768x766.jpg 768w, https:\/\/lautomneseranoir.fr\/wp-content\/uploads\/2024\/09\/DSC_0094-1536x1532.jpg 1536w, https:\/\/lautomneseranoir.fr\/wp-content\/uploads\/2024\/09\/DSC_0094-2048x2043.jpg 2048w\" sizes=\"auto, (max-width: 1024px) 100vw, 1024px\" \/><figcaption class=\"wp-element-caption\">Estelle THARREAU<\/figcaption><\/figure>\n\n\n\n<figure class=\"wp-block-image size-large\"><img loading=\"lazy\" decoding=\"async\" width=\"1024\" height=\"1017\" src=\"https:\/\/lautomneseranoir.fr\/wp-content\/uploads\/2024\/09\/DSC_0053-1024x1017.jpg\" alt=\"\" class=\"wp-image-734\" srcset=\"https:\/\/lautomneseranoir.fr\/wp-content\/uploads\/2024\/09\/DSC_0053-1024x1017.jpg 1024w, https:\/\/lautomneseranoir.fr\/wp-content\/uploads\/2024\/09\/DSC_0053-300x298.jpg 300w, https:\/\/lautomneseranoir.fr\/wp-content\/uploads\/2024\/09\/DSC_0053-150x150.jpg 150w, https:\/\/lautomneseranoir.fr\/wp-content\/uploads\/2024\/09\/DSC_0053-768x763.jpg 768w, https:\/\/lautomneseranoir.fr\/wp-content\/uploads\/2024\/09\/DSC_0053-1536x1525.jpg 1536w, https:\/\/lautomneseranoir.fr\/wp-content\/uploads\/2024\/09\/DSC_0053-2048x2034.jpg 2048w\" sizes=\"auto, (max-width: 1024px) 100vw, 1024px\" \/><figcaption class=\"wp-element-caption\">Fabio M MITCHELLI<\/figcaption><\/figure>\n\n\n\n<figure class=\"wp-block-image size-large\"><img loading=\"lazy\" decoding=\"async\" width=\"1024\" height=\"1016\" src=\"https:\/\/lautomneseranoir.fr\/wp-content\/uploads\/2024\/09\/DSC_0036-1024x1016.jpg\" alt=\"\" class=\"wp-image-735\" srcset=\"https:\/\/lautomneseranoir.fr\/wp-content\/uploads\/2024\/09\/DSC_0036-1024x1016.jpg 1024w, https:\/\/lautomneseranoir.fr\/wp-content\/uploads\/2024\/09\/DSC_0036-300x298.jpg 300w, https:\/\/lautomneseranoir.fr\/wp-content\/uploads\/2024\/09\/DSC_0036-150x150.jpg 150w, https:\/\/lautomneseranoir.fr\/wp-content\/uploads\/2024\/09\/DSC_0036-768x762.jpg 768w, https:\/\/lautomneseranoir.fr\/wp-content\/uploads\/2024\/09\/DSC_0036-1536x1524.jpg 1536w, https:\/\/lautomneseranoir.fr\/wp-content\/uploads\/2024\/09\/DSC_0036-2048x2031.jpg 2048w\" sizes=\"auto, (max-width: 1024px) 100vw, 1024px\" \/><figcaption class=\"wp-element-caption\">Christophe ROYER<\/figcaption><\/figure>\n\n\n\n<figure class=\"wp-block-image size-large\"><img loading=\"lazy\" decoding=\"async\" width=\"1024\" height=\"1015\" src=\"https:\/\/lautomneseranoir.fr\/wp-content\/uploads\/2024\/09\/DSC_0046-1024x1015.jpg\" alt=\"\" class=\"wp-image-736\" srcset=\"https:\/\/lautomneseranoir.fr\/wp-content\/uploads\/2024\/09\/DSC_0046-1024x1015.jpg 1024w, https:\/\/lautomneseranoir.fr\/wp-content\/uploads\/2024\/09\/DSC_0046-300x297.jpg 300w, https:\/\/lautomneseranoir.fr\/wp-content\/uploads\/2024\/09\/DSC_0046-150x150.jpg 150w, https:\/\/lautomneseranoir.fr\/wp-content\/uploads\/2024\/09\/DSC_0046-768x761.jpg 768w, https:\/\/lautomneseranoir.fr\/wp-content\/uploads\/2024\/09\/DSC_0046-1536x1522.jpg 1536w, https:\/\/lautomneseranoir.fr\/wp-content\/uploads\/2024\/09\/DSC_0046-2048x2030.jpg 2048w\" sizes=\"auto, (max-width: 1024px) 100vw, 1024px\" \/><figcaption class=\"wp-element-caption\">Daniel MARTINANGE<\/figcaption><\/figure>\n\n\n\n<figure class=\"wp-block-image size-large\"><img loading=\"lazy\" decoding=\"async\" width=\"1019\" height=\"1024\" src=\"https:\/\/lautomneseranoir.fr\/wp-content\/uploads\/2024\/09\/DSC_0097-1019x1024.jpg\" alt=\"\" class=\"wp-image-737\" srcset=\"https:\/\/lautomneseranoir.fr\/wp-content\/uploads\/2024\/09\/DSC_0097-1019x1024.jpg 1019w, https:\/\/lautomneseranoir.fr\/wp-content\/uploads\/2024\/09\/DSC_0097-300x300.jpg 300w, https:\/\/lautomneseranoir.fr\/wp-content\/uploads\/2024\/09\/DSC_0097-150x150.jpg 150w, https:\/\/lautomneseranoir.fr\/wp-content\/uploads\/2024\/09\/DSC_0097-768x771.jpg 768w, https:\/\/lautomneseranoir.fr\/wp-content\/uploads\/2024\/09\/DSC_0097-1529x1536.jpg 1529w, https:\/\/lautomneseranoir.fr\/wp-content\/uploads\/2024\/09\/DSC_0097-2039x2048.jpg 2039w\" sizes=\"auto, (max-width: 1019px) 100vw, 1019px\" \/><figcaption class=\"wp-element-caption\">Floren MAROTTA<\/figcaption><\/figure>\n\n\n\n<figure class=\"wp-block-image size-large\"><img loading=\"lazy\" decoding=\"async\" width=\"1024\" height=\"1016\" src=\"https:\/\/lautomneseranoir.fr\/wp-content\/uploads\/2024\/09\/DSC_0080-1024x1016.jpg\" alt=\"\" class=\"wp-image-738\" srcset=\"https:\/\/lautomneseranoir.fr\/wp-content\/uploads\/2024\/09\/DSC_0080-1024x1016.jpg 1024w, https:\/\/lautomneseranoir.fr\/wp-content\/uploads\/2024\/09\/DSC_0080-300x298.jpg 300w, https:\/\/lautomneseranoir.fr\/wp-content\/uploads\/2024\/09\/DSC_0080-150x150.jpg 150w, https:\/\/lautomneseranoir.fr\/wp-content\/uploads\/2024\/09\/DSC_0080-768x762.jpg 768w, https:\/\/lautomneseranoir.fr\/wp-content\/uploads\/2024\/09\/DSC_0080-1536x1525.jpg 1536w, https:\/\/lautomneseranoir.fr\/wp-content\/uploads\/2024\/09\/DSC_0080-2048x2033.jpg 2048w\" sizes=\"auto, (max-width: 1024px) 100vw, 1024px\" \/><figcaption class=\"wp-element-caption\">G\u00e9rard COQUET<\/figcaption><\/figure>\n\n\n\n<figure class=\"wp-block-image size-large\"><img loading=\"lazy\" decoding=\"async\" width=\"1024\" height=\"1024\" src=\"https:\/\/lautomneseranoir.fr\/wp-content\/uploads\/2024\/09\/DSC_0051-1024x1024.jpg\" alt=\"\" class=\"wp-image-739\" srcset=\"https:\/\/lautomneseranoir.fr\/wp-content\/uploads\/2024\/09\/DSC_0051-1024x1024.jpg 1024w, https:\/\/lautomneseranoir.fr\/wp-content\/uploads\/2024\/09\/DSC_0051-300x300.jpg 300w, https:\/\/lautomneseranoir.fr\/wp-content\/uploads\/2024\/09\/DSC_0051-150x150.jpg 150w, https:\/\/lautomneseranoir.fr\/wp-content\/uploads\/2024\/09\/DSC_0051-768x768.jpg 768w, https:\/\/lautomneseranoir.fr\/wp-content\/uploads\/2024\/09\/DSC_0051-1536x1536.jpg 1536w, https:\/\/lautomneseranoir.fr\/wp-content\/uploads\/2024\/09\/DSC_0051-2048x2048.jpg 2048w\" sizes=\"auto, (max-width: 1024px) 100vw, 1024px\" \/><figcaption class=\"wp-element-caption\">Isabelle VENEL COUTURIER<\/figcaption><\/figure>\n\n\n\n<figure class=\"wp-block-image size-large\"><img loading=\"lazy\" decoding=\"async\" width=\"1022\" height=\"1024\" src=\"https:\/\/lautomneseranoir.fr\/wp-content\/uploads\/2024\/09\/DSC_0087-1022x1024.jpg\" alt=\"\" class=\"wp-image-740\" srcset=\"https:\/\/lautomneseranoir.fr\/wp-content\/uploads\/2024\/09\/DSC_0087-1022x1024.jpg 1022w, https:\/\/lautomneseranoir.fr\/wp-content\/uploads\/2024\/09\/DSC_0087-300x300.jpg 300w, https:\/\/lautomneseranoir.fr\/wp-content\/uploads\/2024\/09\/DSC_0087-150x150.jpg 150w, https:\/\/lautomneseranoir.fr\/wp-content\/uploads\/2024\/09\/DSC_0087-768x769.jpg 768w, https:\/\/lautomneseranoir.fr\/wp-content\/uploads\/2024\/09\/DSC_0087-1533x1536.jpg 1533w, https:\/\/lautomneseranoir.fr\/wp-content\/uploads\/2024\/09\/DSC_0087-2044x2048.jpg 2044w\" sizes=\"auto, (max-width: 1022px) 100vw, 1022px\" \/><figcaption class=\"wp-element-caption\">Jean-Michel LEBOULANGER<\/figcaption><\/figure>\n\n\n\n<figure class=\"wp-block-image size-large\"><img loading=\"lazy\" decoding=\"async\" width=\"1024\" height=\"1024\" src=\"https:\/\/lautomneseranoir.fr\/wp-content\/uploads\/2024\/09\/DSC_0127-1024x1024.jpg\" alt=\"\" class=\"wp-image-741\" srcset=\"https:\/\/lautomneseranoir.fr\/wp-content\/uploads\/2024\/09\/DSC_0127-1024x1024.jpg 1024w, https:\/\/lautomneseranoir.fr\/wp-content\/uploads\/2024\/09\/DSC_0127-300x300.jpg 300w, https:\/\/lautomneseranoir.fr\/wp-content\/uploads\/2024\/09\/DSC_0127-150x150.jpg 150w, https:\/\/lautomneseranoir.fr\/wp-content\/uploads\/2024\/09\/DSC_0127-768x768.jpg 768w, https:\/\/lautomneseranoir.fr\/wp-content\/uploads\/2024\/09\/DSC_0127-1536x1536.jpg 1536w, https:\/\/lautomneseranoir.fr\/wp-content\/uploads\/2024\/09\/DSC_0127-2048x2048.jpg 2048w\" sizes=\"auto, (max-width: 1024px) 100vw, 1024px\" \/><figcaption class=\"wp-element-caption\">Line DUBIEF<\/figcaption><\/figure>\n\n\n\n<figure class=\"wp-block-image size-large\"><img loading=\"lazy\" decoding=\"async\" width=\"1024\" height=\"1019\" src=\"https:\/\/lautomneseranoir.fr\/wp-content\/uploads\/2024\/09\/DSC_0084-1024x1019.jpg\" alt=\"\" class=\"wp-image-742\" srcset=\"https:\/\/lautomneseranoir.fr\/wp-content\/uploads\/2024\/09\/DSC_0084-1024x1019.jpg 1024w, https:\/\/lautomneseranoir.fr\/wp-content\/uploads\/2024\/09\/DSC_0084-300x300.jpg 300w, https:\/\/lautomneseranoir.fr\/wp-content\/uploads\/2024\/09\/DSC_0084-150x150.jpg 150w, https:\/\/lautomneseranoir.fr\/wp-content\/uploads\/2024\/09\/DSC_0084-768x765.jpg 768w, https:\/\/lautomneseranoir.fr\/wp-content\/uploads\/2024\/09\/DSC_0084-1536x1529.jpg 1536w, https:\/\/lautomneseranoir.fr\/wp-content\/uploads\/2024\/09\/DSC_0084-2048x2039.jpg 2048w\" sizes=\"auto, (max-width: 1024px) 100vw, 1024px\" \/><figcaption class=\"wp-element-caption\">Jean-Pierre LEVAIN<\/figcaption><\/figure>\n\n\n\n<figure class=\"wp-block-image size-large\"><img loading=\"lazy\" decoding=\"async\" width=\"1018\" height=\"1024\" src=\"https:\/\/lautomneseranoir.fr\/wp-content\/uploads\/2024\/09\/DSC_0041-1018x1024.jpg\" alt=\"\" class=\"wp-image-743\" srcset=\"https:\/\/lautomneseranoir.fr\/wp-content\/uploads\/2024\/09\/DSC_0041-1018x1024.jpg 1018w, https:\/\/lautomneseranoir.fr\/wp-content\/uploads\/2024\/09\/DSC_0041-298x300.jpg 298w, https:\/\/lautomneseranoir.fr\/wp-content\/uploads\/2024\/09\/DSC_0041-150x150.jpg 150w, https:\/\/lautomneseranoir.fr\/wp-content\/uploads\/2024\/09\/DSC_0041-768x773.jpg 768w, https:\/\/lautomneseranoir.fr\/wp-content\/uploads\/2024\/09\/DSC_0041-1527x1536.jpg 1527w, https:\/\/lautomneseranoir.fr\/wp-content\/uploads\/2024\/09\/DSC_0041-2036x2048.jpg 2036w\" sizes=\"auto, (max-width: 1018px) 100vw, 1018px\" \/><figcaption class=\"wp-element-caption\">Marco PIANELLI<\/figcaption><\/figure>\n\n\n\n<figure class=\"wp-block-image size-large\"><img loading=\"lazy\" decoding=\"async\" width=\"1017\" height=\"1024\" src=\"https:\/\/lautomneseranoir.fr\/wp-content\/uploads\/2024\/09\/DSC_0100-1017x1024.jpg\" alt=\"\" class=\"wp-image-744\" srcset=\"https:\/\/lautomneseranoir.fr\/wp-content\/uploads\/2024\/09\/DSC_0100-1017x1024.jpg 1017w, https:\/\/lautomneseranoir.fr\/wp-content\/uploads\/2024\/09\/DSC_0100-298x300.jpg 298w, https:\/\/lautomneseranoir.fr\/wp-content\/uploads\/2024\/09\/DSC_0100-150x150.jpg 150w, https:\/\/lautomneseranoir.fr\/wp-content\/uploads\/2024\/09\/DSC_0100-768x773.jpg 768w, https:\/\/lautomneseranoir.fr\/wp-content\/uploads\/2024\/09\/DSC_0100-1526x1536.jpg 1526w, https:\/\/lautomneseranoir.fr\/wp-content\/uploads\/2024\/09\/DSC_0100-2034x2048.jpg 2034w\" sizes=\"auto, (max-width: 1017px) 100vw, 1017px\" \/><figcaption class=\"wp-element-caption\">Michel LAGUT<\/figcaption><\/figure>\n\n\n\n<figure class=\"wp-block-image size-large\"><img loading=\"lazy\" decoding=\"async\" width=\"1024\" height=\"1016\" src=\"https:\/\/lautomneseranoir.fr\/wp-content\/uploads\/2024\/09\/DSC_0103-1024x1016.jpg\" alt=\"\" class=\"wp-image-745\" srcset=\"https:\/\/lautomneseranoir.fr\/wp-content\/uploads\/2024\/09\/DSC_0103-1024x1016.jpg 1024w, https:\/\/lautomneseranoir.fr\/wp-content\/uploads\/2024\/09\/DSC_0103-300x298.jpg 300w, https:\/\/lautomneseranoir.fr\/wp-content\/uploads\/2024\/09\/DSC_0103-150x150.jpg 150w, https:\/\/lautomneseranoir.fr\/wp-content\/uploads\/2024\/09\/DSC_0103-768x762.jpg 768w, https:\/\/lautomneseranoir.fr\/wp-content\/uploads\/2024\/09\/DSC_0103-1536x1525.jpg 1536w, https:\/\/lautomneseranoir.fr\/wp-content\/uploads\/2024\/09\/DSC_0103-2048x2033.jpg 2048w\" sizes=\"auto, (max-width: 1024px) 100vw, 1024px\" \/><figcaption class=\"wp-element-caption\">Philippe KOERBELE<\/figcaption><\/figure>\n\n\n\n<figure class=\"wp-block-image size-large\"><img loading=\"lazy\" decoding=\"async\" width=\"1024\" height=\"1021\" src=\"https:\/\/lautomneseranoir.fr\/wp-content\/uploads\/2024\/09\/DSC_0095-1024x1021.jpg\" alt=\"\" class=\"wp-image-746\" srcset=\"https:\/\/lautomneseranoir.fr\/wp-content\/uploads\/2024\/09\/DSC_0095-1024x1021.jpg 1024w, https:\/\/lautomneseranoir.fr\/wp-content\/uploads\/2024\/09\/DSC_0095-300x300.jpg 300w, https:\/\/lautomneseranoir.fr\/wp-content\/uploads\/2024\/09\/DSC_0095-150x150.jpg 150w, https:\/\/lautomneseranoir.fr\/wp-content\/uploads\/2024\/09\/DSC_0095-768x766.jpg 768w, https:\/\/lautomneseranoir.fr\/wp-content\/uploads\/2024\/09\/DSC_0095-1536x1532.jpg 1536w, https:\/\/lautomneseranoir.fr\/wp-content\/uploads\/2024\/09\/DSC_0095-2048x2042.jpg 2048w\" sizes=\"auto, (max-width: 1024px) 100vw, 1024px\" \/><figcaption class=\"wp-element-caption\">S\u00e9bastien JULLIAN<\/figcaption><\/figure>\n\n\n\n<figure class=\"wp-block-image size-large\"><img loading=\"lazy\" decoding=\"async\" width=\"1024\" height=\"957\" src=\"https:\/\/lautomneseranoir.fr\/wp-content\/uploads\/2024\/09\/DSC_0038-1024x957.jpg\" alt=\"\" class=\"wp-image-747\" srcset=\"https:\/\/lautomneseranoir.fr\/wp-content\/uploads\/2024\/09\/DSC_0038-1024x957.jpg 1024w, https:\/\/lautomneseranoir.fr\/wp-content\/uploads\/2024\/09\/DSC_0038-300x280.jpg 300w, https:\/\/lautomneseranoir.fr\/wp-content\/uploads\/2024\/09\/DSC_0038-768x717.jpg 768w, https:\/\/lautomneseranoir.fr\/wp-content\/uploads\/2024\/09\/DSC_0038-1536x1435.jpg 1536w, https:\/\/lautomneseranoir.fr\/wp-content\/uploads\/2024\/09\/DSC_0038-2048x1913.jpg 2048w\" sizes=\"auto, (max-width: 1024px) 100vw, 1024px\" \/><figcaption class=\"wp-element-caption\">Serge ETIEVANT<\/figcaption><\/figure>\n\n\n\n<figure class=\"wp-block-image size-large\"><img loading=\"lazy\" decoding=\"async\" width=\"1024\" height=\"1015\" src=\"https:\/\/lautomneseranoir.fr\/wp-content\/uploads\/2024\/09\/DSC_0128-1024x1015.jpg\" alt=\"\" class=\"wp-image-748\" srcset=\"https:\/\/lautomneseranoir.fr\/wp-content\/uploads\/2024\/09\/DSC_0128-1024x1015.jpg 1024w, https:\/\/lautomneseranoir.fr\/wp-content\/uploads\/2024\/09\/DSC_0128-300x297.jpg 300w, https:\/\/lautomneseranoir.fr\/wp-content\/uploads\/2024\/09\/DSC_0128-150x150.jpg 150w, https:\/\/lautomneseranoir.fr\/wp-content\/uploads\/2024\/09\/DSC_0128-768x761.jpg 768w, https:\/\/lautomneseranoir.fr\/wp-content\/uploads\/2024\/09\/DSC_0128-1536x1522.jpg 1536w, https:\/\/lautomneseranoir.fr\/wp-content\/uploads\/2024\/09\/DSC_0128-2048x2029.jpg 2048w\" sizes=\"auto, (max-width: 1024px) 100vw, 1024px\" \/><figcaption class=\"wp-element-caption\">Diane GARANCE<\/figcaption><\/figure>\n\n\n\n<figure class=\"wp-block-image size-large\"><img loading=\"lazy\" decoding=\"async\" width=\"1024\" height=\"1019\" src=\"https:\/\/lautomneseranoir.fr\/wp-content\/uploads\/2024\/09\/DSC_0042-1024x1019.jpg\" alt=\"\" class=\"wp-image-749\" srcset=\"https:\/\/lautomneseranoir.fr\/wp-content\/uploads\/2024\/09\/DSC_0042-1024x1019.jpg 1024w, https:\/\/lautomneseranoir.fr\/wp-content\/uploads\/2024\/09\/DSC_0042-300x300.jpg 300w, https:\/\/lautomneseranoir.fr\/wp-content\/uploads\/2024\/09\/DSC_0042-150x150.jpg 150w, https:\/\/lautomneseranoir.fr\/wp-content\/uploads\/2024\/09\/DSC_0042-768x765.jpg 768w, https:\/\/lautomneseranoir.fr\/wp-content\/uploads\/2024\/09\/DSC_0042-1536x1529.jpg 1536w, https:\/\/lautomneseranoir.fr\/wp-content\/uploads\/2024\/09\/DSC_0042-2048x2039.jpg 2048w\" sizes=\"auto, (max-width: 1024px) 100vw, 1024px\" \/><figcaption class=\"wp-element-caption\">Didier ESPOSITO<\/figcaption><\/figure>\n\n\n\n<figure class=\"wp-block-image size-large\"><img loading=\"lazy\" decoding=\"async\" width=\"1024\" height=\"1004\" src=\"https:\/\/lautomneseranoir.fr\/wp-content\/uploads\/2024\/09\/DSC_0044-1024x1004.jpg\" alt=\"\" class=\"wp-image-750\" srcset=\"https:\/\/lautomneseranoir.fr\/wp-content\/uploads\/2024\/09\/DSC_0044-1024x1004.jpg 1024w, https:\/\/lautomneseranoir.fr\/wp-content\/uploads\/2024\/09\/DSC_0044-300x294.jpg 300w, https:\/\/lautomneseranoir.fr\/wp-content\/uploads\/2024\/09\/DSC_0044-768x753.jpg 768w, https:\/\/lautomneseranoir.fr\/wp-content\/uploads\/2024\/09\/DSC_0044-1536x1506.jpg 1536w, https:\/\/lautomneseranoir.fr\/wp-content\/uploads\/2024\/09\/DSC_0044-2048x2009.jpg 2048w\" sizes=\"auto, (max-width: 1024px) 100vw, 1024px\" \/><figcaption class=\"wp-element-caption\">Yves GARDERES<\/figcaption><\/figure>\n\n\n\n<figure class=\"wp-block-image size-large\"><img loading=\"lazy\" decoding=\"async\" width=\"1024\" height=\"1016\" src=\"https:\/\/lautomneseranoir.fr\/wp-content\/uploads\/2024\/09\/DSC_0132-1024x1016.jpg\" alt=\"\" class=\"wp-image-751\" srcset=\"https:\/\/lautomneseranoir.fr\/wp-content\/uploads\/2024\/09\/DSC_0132-1024x1016.jpg 1024w, https:\/\/lautomneseranoir.fr\/wp-content\/uploads\/2024\/09\/DSC_0132-300x298.jpg 300w, https:\/\/lautomneseranoir.fr\/wp-content\/uploads\/2024\/09\/DSC_0132-150x150.jpg 150w, https:\/\/lautomneseranoir.fr\/wp-content\/uploads\/2024\/09\/DSC_0132-768x762.jpg 768w, https:\/\/lautomneseranoir.fr\/wp-content\/uploads\/2024\/09\/DSC_0132-1536x1525.jpg 1536w, https:\/\/lautomneseranoir.fr\/wp-content\/uploads\/2024\/09\/DSC_0132-2048x2033.jpg 2048w\" sizes=\"auto, (max-width: 1024px) 100vw, 1024px\" \/><figcaption class=\"wp-element-caption\">Louise LEROUGE<\/figcaption><\/figure>\n\n\n\n<h4 class=\"wp-block-heading has-text-align-center\"><strong>REMISE DE PRIX<\/strong><\/h4>\n\n\n\n<p>Dans l&rsquo;apr\u00e8s-midi du samedi, le Prix D\u00e9couverte LA VOUIVRE pour un premier Polar 2024 a \u00e9t\u00e9 remis \u00e0 Louise LEROUGE.<\/p>\n\n\n\n<div class=\"wp-block-group is-layout-constrained wp-block-group-is-layout-constrained\">\n<div class=\"wp-block-columns is-layout-flex wp-container-core-columns-is-layout-28f84493 wp-block-columns-is-layout-flex\">\n<div class=\"wp-block-column is-layout-flow wp-block-column-is-layout-flow\" style=\"flex-basis:100%\">\n<div class=\"wp-block-group is-layout-constrained wp-block-group-is-layout-constrained\">\n<figure class=\"wp-block-image size-large\"><img loading=\"lazy\" decoding=\"async\" width=\"1024\" height=\"681\" src=\"https:\/\/lautomneseranoir.fr\/wp-content\/uploads\/2024\/09\/DSC_0142-1024x681.jpg\" alt=\"\" class=\"wp-image-752\" srcset=\"https:\/\/lautomneseranoir.fr\/wp-content\/uploads\/2024\/09\/DSC_0142-1024x681.jpg 1024w, https:\/\/lautomneseranoir.fr\/wp-content\/uploads\/2024\/09\/DSC_0142-300x199.jpg 300w, https:\/\/lautomneseranoir.fr\/wp-content\/uploads\/2024\/09\/DSC_0142-768x511.jpg 768w, https:\/\/lautomneseranoir.fr\/wp-content\/uploads\/2024\/09\/DSC_0142-1536x1021.jpg 1536w, https:\/\/lautomneseranoir.fr\/wp-content\/uploads\/2024\/09\/DSC_0142-2048x1362.jpg 2048w\" sizes=\"auto, (max-width: 1024px) 100vw, 1024px\" \/><\/figure>\n\n\n\n<figure class=\"wp-block-image size-large\"><img loading=\"lazy\" decoding=\"async\" width=\"1024\" height=\"681\" src=\"https:\/\/lautomneseranoir.fr\/wp-content\/uploads\/2024\/09\/DSC_0149-1-1024x681.jpg\" alt=\"\" class=\"wp-image-754\" srcset=\"https:\/\/lautomneseranoir.fr\/wp-content\/uploads\/2024\/09\/DSC_0149-1-1024x681.jpg 1024w, https:\/\/lautomneseranoir.fr\/wp-content\/uploads\/2024\/09\/DSC_0149-1-300x199.jpg 300w, https:\/\/lautomneseranoir.fr\/wp-content\/uploads\/2024\/09\/DSC_0149-1-768x511.jpg 768w, https:\/\/lautomneseranoir.fr\/wp-content\/uploads\/2024\/09\/DSC_0149-1-1536x1021.jpg 1536w, https:\/\/lautomneseranoir.fr\/wp-content\/uploads\/2024\/09\/DSC_0149-1-2048x1362.jpg 2048w\" sizes=\"auto, (max-width: 1024px) 100vw, 1024px\" \/><\/figure>\n\n\n\n<p><\/p>\n<\/div>\n<\/div>\n<\/div>\n<\/div>\n\n\n\n<p><\/p>\n\n\n\n<p><\/p>\n\n\n\n<hr class=\"wp-block-separator has-alpha-channel-opacity is-style-wide\" style=\"margin-top:1.8rem;margin-bottom:1.8rem\"\/>\n\n\n\n<h2 class=\"wp-block-heading\">SALON 2023<\/h2>\n\n\n\n<p><\/p>\n\n\n\n<p class=\"has-text-align-center\">Photos des auteurs et l&rsquo;\u00e9quipe organisatrice du salon.<\/p>\n\n\n\n<p>Vous y retrouverez :<\/p>\n\n\n\n<p>\ud835\udddf\ud835\uddf2\ud835\ude00 \ud835\uddfc\ud835\uddff\ud835\uddf4\ud835\uddee\ud835\uddfb\ud835\uddf6\ud835\ude00\ud835\uddee\ud835\ude01\ud835\uddf2\ud835\ude02\ud835\uddff\ud835\ude00 \ud835\uddf1\ud835\ude02 \ud835\ude00\ud835\uddee\ud835\uddf9\ud835\uddfc\ud835\uddfb :<\/p>\n\n\n\n<p><a href=\"https:\/\/www.facebook.com\/michel.venel.71?__cft__[0]=AZXfPTeG2Y_s8IqZa-x1ISeT3bJDgfTStpAkQ0cOx2z7uxCyyDbuz-9ScJVkysw4HLvSwIgkEigi4DVzsR3zJbsm0s_4-857ER84cccDTq2Vr78srYV8IRk7nIkCb0noOOP9RBXJr1FoqX0pNQMzaUbfymhTDRhMpf9pgeECpZiuE0JYwbNSlm2Z4N3-TycZ2Sc&amp;__tn__=-]K-R\">Michel Venel<\/a> et <a href=\"https:\/\/www.facebook.com\/alda.venel?__cft__[0]=AZXfPTeG2Y_s8IqZa-x1ISeT3bJDgfTStpAkQ0cOx2z7uxCyyDbuz-9ScJVkysw4HLvSwIgkEigi4DVzsR3zJbsm0s_4-857ER84cccDTq2Vr78srYV8IRk7nIkCb0noOOP9RBXJr1FoqX0pNQMzaUbfymhTDRhMpf9pgeECpZiuE0JYwbNSlm2Z4N3-TycZ2Sc&amp;__tn__=-]K-R\">Alda Venel<\/a><\/p>\n\n\n\n<p>\ud835\udddf\ud835\uddf2\ud835\ude00 \ud835\uddef\ud835\uddf2\u0301\ud835\uddfb\ud835\uddf2\u0301\ud835\ude03\ud835\uddfc\ud835\uddf9\ud835\uddf2\ud835\ude00 ;<\/p>\n\n\n\n<p><a href=\"https:\/\/www.facebook.com\/cecile.venel.7?__cft__[0]=AZXfPTeG2Y_s8IqZa-x1ISeT3bJDgfTStpAkQ0cOx2z7uxCyyDbuz-9ScJVkysw4HLvSwIgkEigi4DVzsR3zJbsm0s_4-857ER84cccDTq2Vr78srYV8IRk7nIkCb0noOOP9RBXJr1FoqX0pNQMzaUbfymhTDRhMpf9pgeECpZiuE0JYwbNSlm2Z4N3-TycZ2Sc&amp;__tn__=-]K-R\">Cecile Venel<\/a>, <a href=\"https:\/\/www.facebook.com\/serge.poitevin.96?__cft__[0]=AZXfPTeG2Y_s8IqZa-x1ISeT3bJDgfTStpAkQ0cOx2z7uxCyyDbuz-9ScJVkysw4HLvSwIgkEigi4DVzsR3zJbsm0s_4-857ER84cccDTq2Vr78srYV8IRk7nIkCb0noOOP9RBXJr1FoqX0pNQMzaUbfymhTDRhMpf9pgeECpZiuE0JYwbNSlm2Z4N3-TycZ2Sc&amp;__tn__=-]K-R\">Serge Poitevin<\/a> et leurs enfants, <a href=\"https:\/\/www.facebook.com\/patrick.sifferlen?__cft__[0]=AZXfPTeG2Y_s8IqZa-x1ISeT3bJDgfTStpAkQ0cOx2z7uxCyyDbuz-9ScJVkysw4HLvSwIgkEigi4DVzsR3zJbsm0s_4-857ER84cccDTq2Vr78srYV8IRk7nIkCb0noOOP9RBXJr1FoqX0pNQMzaUbfymhTDRhMpf9pgeECpZiuE0JYwbNSlm2Z4N3-TycZ2Sc&amp;__tn__=-]K-R\">Patrick<\/a>, <a href=\"https:\/\/www.facebook.com\/marielaure.sifferlen?__cft__[0]=AZXfPTeG2Y_s8IqZa-x1ISeT3bJDgfTStpAkQ0cOx2z7uxCyyDbuz-9ScJVkysw4HLvSwIgkEigi4DVzsR3zJbsm0s_4-857ER84cccDTq2Vr78srYV8IRk7nIkCb0noOOP9RBXJr1FoqX0pNQMzaUbfymhTDRhMpf9pgeECpZiuE0JYwbNSlm2Z4N3-TycZ2Sc&amp;__tn__=-]K-R\">Marie-Laure<\/a>, <a href=\"https:\/\/www.facebook.com\/ladecodisa?__cft__[0]=AZXfPTeG2Y_s8IqZa-x1ISeT3bJDgfTStpAkQ0cOx2z7uxCyyDbuz-9ScJVkysw4HLvSwIgkEigi4DVzsR3zJbsm0s_4-857ER84cccDTq2Vr78srYV8IRk7nIkCb0noOOP9RBXJr1FoqX0pNQMzaUbfymhTDRhMpf9pgeECpZiuE0JYwbNSlm2Z4N3-TycZ2Sc&amp;__tn__=-]K-R\">Isabelle<\/a>, moi derri\u00e8re l&rsquo;appareil photo<\/p>\n\n\n\n<p>\ud835\udddf\ud835\uddf2\ud835\ude00 \ud835\uddee\ud835\ude02\ud835\ude01\ud835\uddf2\ud835\ude02\ud835\uddff\ud835\ude00 \ud835\uddfd\ud835\uddff\ud835\uddf2\u0301\ud835\ude00\ud835\uddf2\ud835\uddfb\ud835\ude01\ud835\ude00 \ud835\uddee\ud835\ude02 \ud835\ude00\ud835\uddee\ud835\uddf9\ud835\uddfc\ud835\uddfb :<\/p>\n\n\n\n<p><a href=\"https:\/\/www.facebook.com\/danielle.thiery.5?__cft__[0]=AZXfPTeG2Y_s8IqZa-x1ISeT3bJDgfTStpAkQ0cOx2z7uxCyyDbuz-9ScJVkysw4HLvSwIgkEigi4DVzsR3zJbsm0s_4-857ER84cccDTq2Vr78srYV8IRk7nIkCb0noOOP9RBXJr1FoqX0pNQMzaUbfymhTDRhMpf9pgeECpZiuE0JYwbNSlm2Z4N3-TycZ2Sc&amp;__tn__=-]K-R\">Danielle Thiery<\/a>, <a href=\"https:\/\/www.facebook.com\/pierre.pouchairet?__cft__[0]=AZXfPTeG2Y_s8IqZa-x1ISeT3bJDgfTStpAkQ0cOx2z7uxCyyDbuz-9ScJVkysw4HLvSwIgkEigi4DVzsR3zJbsm0s_4-857ER84cccDTq2Vr78srYV8IRk7nIkCb0noOOP9RBXJr1FoqX0pNQMzaUbfymhTDRhMpf9pgeECpZiuE0JYwbNSlm2Z4N3-TycZ2Sc&amp;__tn__=-]K-R\">Pierre Pouchairet<\/a>, <a href=\"https:\/\/www.facebook.com\/didier.fossey.7?__cft__[0]=AZXfPTeG2Y_s8IqZa-x1ISeT3bJDgfTStpAkQ0cOx2z7uxCyyDbuz-9ScJVkysw4HLvSwIgkEigi4DVzsR3zJbsm0s_4-857ER84cccDTq2Vr78srYV8IRk7nIkCb0noOOP9RBXJr1FoqX0pNQMzaUbfymhTDRhMpf9pgeECpZiuE0JYwbNSlm2Z4N3-TycZ2Sc&amp;__tn__=-]K-R\">Didier Fossey<\/a>, <a href=\"https:\/\/www.facebook.com\/isabelle.desaulve.1?__cft__[0]=AZXfPTeG2Y_s8IqZa-x1ISeT3bJDgfTStpAkQ0cOx2z7uxCyyDbuz-9ScJVkysw4HLvSwIgkEigi4DVzsR3zJbsm0s_4-857ER84cccDTq2Vr78srYV8IRk7nIkCb0noOOP9RBXJr1FoqX0pNQMzaUbfymhTDRhMpf9pgeECpZiuE0JYwbNSlm2Z4N3-TycZ2Sc&amp;__tn__=-]K-R\">Isabelle Desaulve<\/a>, <a href=\"https:\/\/www.facebook.com\/james.holin?__cft__[0]=AZXfPTeG2Y_s8IqZa-x1ISeT3bJDgfTStpAkQ0cOx2z7uxCyyDbuz-9ScJVkysw4HLvSwIgkEigi4DVzsR3zJbsm0s_4-857ER84cccDTq2Vr78srYV8IRk7nIkCb0noOOP9RBXJr1FoqX0pNQMzaUbfymhTDRhMpf9pgeECpZiuE0JYwbNSlm2Z4N3-TycZ2Sc&amp;__tn__=-]K-R\">James Holin<\/a>, <a href=\"https:\/\/www.facebook.com\/anouk.shutterberg?__cft__[0]=AZXfPTeG2Y_s8IqZa-x1ISeT3bJDgfTStpAkQ0cOx2z7uxCyyDbuz-9ScJVkysw4HLvSwIgkEigi4DVzsR3zJbsm0s_4-857ER84cccDTq2Vr78srYV8IRk7nIkCb0noOOP9RBXJr1FoqX0pNQMzaUbfymhTDRhMpf9pgeECpZiuE0JYwbNSlm2Z4N3-TycZ2Sc&amp;__tn__=-]K-R\">Anouk Shutterberg<\/a>, <a href=\"https:\/\/www.facebook.com\/christophe.gavat?__cft__[0]=AZXfPTeG2Y_s8IqZa-x1ISeT3bJDgfTStpAkQ0cOx2z7uxCyyDbuz-9ScJVkysw4HLvSwIgkEigi4DVzsR3zJbsm0s_4-857ER84cccDTq2Vr78srYV8IRk7nIkCb0noOOP9RBXJr1FoqX0pNQMzaUbfymhTDRhMpf9pgeECpZiuE0JYwbNSlm2Z4N3-TycZ2Sc&amp;__tn__=-]K-R\">Christophe Gavatmayer<\/a>, <a href=\"https:\/\/www.facebook.com\/profile.php?id=100008372266759&amp;__cft__[0]=AZXfPTeG2Y_s8IqZa-x1ISeT3bJDgfTStpAkQ0cOx2z7uxCyyDbuz-9ScJVkysw4HLvSwIgkEigi4DVzsR3zJbsm0s_4-857ER84cccDTq2Vr78srYV8IRk7nIkCb0noOOP9RBXJr1FoqX0pNQMzaUbfymhTDRhMpf9pgeECpZiuE0JYwbNSlm2Z4N3-TycZ2Sc&amp;__tn__=-]K-R\">Emmanuel Varle<\/a>, <a href=\"https:\/\/www.facebook.com\/MH.Branciard?__cft__[0]=AZXfPTeG2Y_s8IqZa-x1ISeT3bJDgfTStpAkQ0cOx2z7uxCyyDbuz-9ScJVkysw4HLvSwIgkEigi4DVzsR3zJbsm0s_4-857ER84cccDTq2Vr78srYV8IRk7nIkCb0noOOP9RBXJr1FoqX0pNQMzaUbfymhTDRhMpf9pgeECpZiuE0JYwbNSlm2Z4N3-TycZ2Sc&amp;__tn__=-]K-R\">Branciard Marie-H\u00e9l\u00e8ne<\/a>, <a href=\"https:\/\/www.facebook.com\/romain.martin.792?__cft__[0]=AZXfPTeG2Y_s8IqZa-x1ISeT3bJDgfTStpAkQ0cOx2z7uxCyyDbuz-9ScJVkysw4HLvSwIgkEigi4DVzsR3zJbsm0s_4-857ER84cccDTq2Vr78srYV8IRk7nIkCb0noOOP9RBXJr1FoqX0pNQMzaUbfymhTDRhMpf9pgeECpZiuE0JYwbNSlm2Z4N3-TycZ2Sc&amp;__tn__=-]K-R\">Romain R. Martin<\/a>, <a href=\"https:\/\/www.facebook.com\/sandrine.durochat?__cft__[0]=AZXfPTeG2Y_s8IqZa-x1ISeT3bJDgfTStpAkQ0cOx2z7uxCyyDbuz-9ScJVkysw4HLvSwIgkEigi4DVzsR3zJbsm0s_4-857ER84cccDTq2Vr78srYV8IRk7nIkCb0noOOP9RBXJr1FoqX0pNQMzaUbfymhTDRhMpf9pgeECpZiuE0JYwbNSlm2Z4N3-TycZ2Sc&amp;__tn__=-]K-R\">Sandrine Durochat<\/a>, <a href=\"https:\/\/www.facebook.com\/jeanpierre.favard?__cft__[0]=AZXfPTeG2Y_s8IqZa-x1ISeT3bJDgfTStpAkQ0cOx2z7uxCyyDbuz-9ScJVkysw4HLvSwIgkEigi4DVzsR3zJbsm0s_4-857ER84cccDTq2Vr78srYV8IRk7nIkCb0noOOP9RBXJr1FoqX0pNQMzaUbfymhTDRhMpf9pgeECpZiuE0JYwbNSlm2Z4N3-TycZ2Sc&amp;__tn__=-]K-R\">Jean-Pierre Favard<\/a>, <a href=\"https:\/\/www.facebook.com\/jeanpaul.pacholec?__cft__[0]=AZXfPTeG2Y_s8IqZa-x1ISeT3bJDgfTStpAkQ0cOx2z7uxCyyDbuz-9ScJVkysw4HLvSwIgkEigi4DVzsR3zJbsm0s_4-857ER84cccDTq2Vr78srYV8IRk7nIkCb0noOOP9RBXJr1FoqX0pNQMzaUbfymhTDRhMpf9pgeECpZiuE0JYwbNSlm2Z4N3-TycZ2Sc&amp;__tn__=-]K-R\">Jean Paul Pacholec<\/a>, <a href=\"https:\/\/www.facebook.com\/sebastien.thevenyauteur.77?__cft__[0]=AZXfPTeG2Y_s8IqZa-x1ISeT3bJDgfTStpAkQ0cOx2z7uxCyyDbuz-9ScJVkysw4HLvSwIgkEigi4DVzsR3zJbsm0s_4-857ER84cccDTq2Vr78srYV8IRk7nIkCb0noOOP9RBXJr1FoqX0pNQMzaUbfymhTDRhMpf9pgeECpZiuE0JYwbNSlm2Z4N3-TycZ2Sc&amp;__tn__=-]K-R\">S\u00e9bastien Theveny Auteur<\/a>, <a href=\"https:\/\/www.facebook.com\/laurent.philipparie?__cft__[0]=AZXfPTeG2Y_s8IqZa-x1ISeT3bJDgfTStpAkQ0cOx2z7uxCyyDbuz-9ScJVkysw4HLvSwIgkEigi4DVzsR3zJbsm0s_4-857ER84cccDTq2Vr78srYV8IRk7nIkCb0noOOP9RBXJr1FoqX0pNQMzaUbfymhTDRhMpf9pgeECpZiuE0JYwbNSlm2Z4N3-TycZ2Sc&amp;__tn__=-]K-R\">Laurent Philipparie<\/a>, <a href=\"https:\/\/www.facebook.com\/profile.php?id=100005301586823&amp;__cft__[0]=AZXfPTeG2Y_s8IqZa-x1ISeT3bJDgfTStpAkQ0cOx2z7uxCyyDbuz-9ScJVkysw4HLvSwIgkEigi4DVzsR3zJbsm0s_4-857ER84cccDTq2Vr78srYV8IRk7nIkCb0noOOP9RBXJr1FoqX0pNQMzaUbfymhTDRhMpf9pgeECpZiuE0JYwbNSlm2Z4N3-TycZ2Sc&amp;__tn__=-]K-R\">Eric Dupuis<\/a>, <a href=\"https:\/\/www.facebook.com\/profile.php?id=100000114716522&amp;__cft__[0]=AZXfPTeG2Y_s8IqZa-x1ISeT3bJDgfTStpAkQ0cOx2z7uxCyyDbuz-9ScJVkysw4HLvSwIgkEigi4DVzsR3zJbsm0s_4-857ER84cccDTq2Vr78srYV8IRk7nIkCb0noOOP9RBXJr1FoqX0pNQMzaUbfymhTDRhMpf9pgeECpZiuE0JYwbNSlm2Z4N3-TycZ2Sc&amp;__tn__=-]K-R\">Sacha Erbel<\/a>, <a href=\"https:\/\/www.facebook.com\/ophelie.cohen.9?__cft__[0]=AZXfPTeG2Y_s8IqZa-x1ISeT3bJDgfTStpAkQ0cOx2z7uxCyyDbuz-9ScJVkysw4HLvSwIgkEigi4DVzsR3zJbsm0s_4-857ER84cccDTq2Vr78srYV8IRk7nIkCb0noOOP9RBXJr1FoqX0pNQMzaUbfymhTDRhMpf9pgeECpZiuE0JYwbNSlm2Z4N3-TycZ2Sc&amp;__tn__=-]K-R\">Oph\u00e9lie Cohen<\/a> et <a href=\"https:\/\/www.facebook.com\/xavier.masse.33?__cft__[0]=AZXfPTeG2Y_s8IqZa-x1ISeT3bJDgfTStpAkQ0cOx2z7uxCyyDbuz-9ScJVkysw4HLvSwIgkEigi4DVzsR3zJbsm0s_4-857ER84cccDTq2Vr78srYV8IRk7nIkCb0noOOP9RBXJr1FoqX0pNQMzaUbfymhTDRhMpf9pgeECpZiuE0JYwbNSlm2Z4N3-TycZ2Sc&amp;__tn__=-]K-R\">Xavier Mass\u00e9<\/a><\/p>\n\n\n\n<figure class=\"wp-block-image size-large\"><img loading=\"lazy\" decoding=\"async\" width=\"1024\" height=\"681\" src=\"https:\/\/lautomneseranoir.fr\/wp-content\/uploads\/2023\/09\/Autrices-Auteurs-Equipe-organisatrice-1024x681.jpg\" alt=\"\" class=\"wp-image-464\" srcset=\"https:\/\/lautomneseranoir.fr\/wp-content\/uploads\/2023\/09\/Autrices-Auteurs-Equipe-organisatrice-1024x681.jpg 1024w, https:\/\/lautomneseranoir.fr\/wp-content\/uploads\/2023\/09\/Autrices-Auteurs-Equipe-organisatrice-300x199.jpg 300w, https:\/\/lautomneseranoir.fr\/wp-content\/uploads\/2023\/09\/Autrices-Auteurs-Equipe-organisatrice-768x511.jpg 768w, https:\/\/lautomneseranoir.fr\/wp-content\/uploads\/2023\/09\/Autrices-Auteurs-Equipe-organisatrice-1536x1021.jpg 1536w, https:\/\/lautomneseranoir.fr\/wp-content\/uploads\/2023\/09\/Autrices-Auteurs-Equipe-organisatrice-2048x1362.jpg 2048w\" sizes=\"auto, (max-width: 1024px) 100vw, 1024px\" \/><\/figure>\n\n\n\n<hr class=\"wp-block-separator has-alpha-channel-opacity\"\/>\n\n\n\n<h4 class=\"wp-block-heading has-text-align-center\"><strong>DISCOURS<\/strong><\/h4>\n\n\n\n<p>Dimanche 10 septembre 2023, lors du salon du polar <a href=\"https:\/\/www.facebook.com\/lautomneseranoir?__cft__[0]=AZUg76dIFqMag0WnCV5jJNgU22ZLxyiIja73oL2RxlwczlfZ915pFRU57NbKPF6DRcFsqwNM_rzQ6TBy6Gp5tuVLe09ws6xRntWO4Jp_OIrwuFIefwvI77-87Fq8EeGDpSrukST_-sjN_-Hp8HDqBfI0j5Xaph63OE44k9aH7GB0fjkGQ6LJ8OgxPacgEsZBVE4&amp;__tn__=-]K-R\">L&rsquo;automne sera noir<\/a><a href=\"https:\/\/www.facebook.com\/michel.venel.71?__cft__[0]=AZUg76dIFqMag0WnCV5jJNgU22ZLxyiIja73oL2RxlwczlfZ915pFRU57NbKPF6DRcFsqwNM_rzQ6TBy6Gp5tuVLe09ws6xRntWO4Jp_OIrwuFIefwvI77-87Fq8EeGDpSrukST_-sjN_-Hp8HDqBfI0j5Xaph63OE44k9aH7GB0fjkGQ6LJ8OgxPacgEsZBVE4&amp;__tn__=-]K-R\"> <\/a>Michel VENEL a fait son discours. <\/p>\n\n\n\n<figure class=\"wp-block-embed is-type-video is-provider-youtube wp-block-embed-youtube wp-embed-aspect-16-9 wp-has-aspect-ratio\"><div class=\"wp-block-embed__wrapper\">\n<iframe loading=\"lazy\" title=\"Discours - Salon du Polar - L&#039;Automne sera noir - 5\u00e8me \u00c9dition\" width=\"500\" height=\"281\" src=\"https:\/\/www.youtube.com\/embed\/nijU0ick4Uo?feature=oembed\" frameborder=\"0\" allow=\"accelerometer; autoplay; clipboard-write; encrypted-media; gyroscope; picture-in-picture; web-share\" referrerpolicy=\"strict-origin-when-cross-origin\" allowfullscreen><\/iframe>\n<\/div><\/figure>\n\n\n\n<p>Il d\u00e9die ce salon \u00e0 trois auteurs qui sont d\u00e9c\u00e9d\u00e9s r\u00e9cemment :<\/p>\n\n\n\n<p><img loading=\"lazy\" decoding=\"async\" height=\"16\" width=\"16\" src=\"https:\/\/static.xx.fbcdn.net\/images\/emoji.php\/v9\/t25\/1.5\/16\/27a1.png\" alt=\"\u27a1\ufe0f\"> Andr\u00e9 Besson qui \u00e9tait le parrain du premier salon en 2017 ;<\/p>\n\n\n\n<p><img loading=\"lazy\" decoding=\"async\" height=\"16\" width=\"16\" alt=\"\u27a1\ufe0f\" src=\"https:\/\/static.xx.fbcdn.net\/images\/emoji.php\/v9\/t25\/1.5\/16\/27a1.png\"> Marie Vindy qui \u00e9tait pr\u00e9sente au salon en 2018 ;<\/p>\n\n\n\n<p><img loading=\"lazy\" decoding=\"async\" height=\"16\" width=\"16\" src=\"https:\/\/static.xx.fbcdn.net\/images\/emoji.php\/v9\/t25\/1.5\/16\/27a1.png\" alt=\"\u27a1\ufe0f\"> Francis Essique qui \u00e9tait pr\u00e9sent en 2018 et devait \u00eatre pr\u00e9sent cette ann\u00e9e.<\/p>\n\n\n\n<hr class=\"wp-block-separator has-alpha-channel-opacity\"\/>\n\n\n\n<p class=\"has-text-align-center\">Alda et Michel VENEL organisateurs du salon du polar durant leur discours<\/p>\n\n\n\n<figure class=\"wp-block-image size-large\"><img loading=\"lazy\" decoding=\"async\" width=\"1024\" height=\"768\" src=\"https:\/\/lautomneseranoir.fr\/wp-content\/uploads\/2023\/09\/Discours-Michel-et-Alda-VENEL-1024x768.jpg\" alt=\"\" class=\"wp-image-465\" srcset=\"https:\/\/lautomneseranoir.fr\/wp-content\/uploads\/2023\/09\/Discours-Michel-et-Alda-VENEL-1024x768.jpg 1024w, https:\/\/lautomneseranoir.fr\/wp-content\/uploads\/2023\/09\/Discours-Michel-et-Alda-VENEL-300x225.jpg 300w, https:\/\/lautomneseranoir.fr\/wp-content\/uploads\/2023\/09\/Discours-Michel-et-Alda-VENEL-768x576.jpg 768w, https:\/\/lautomneseranoir.fr\/wp-content\/uploads\/2023\/09\/Discours-Michel-et-Alda-VENEL-1536x1152.jpg 1536w, https:\/\/lautomneseranoir.fr\/wp-content\/uploads\/2023\/09\/Discours-Michel-et-Alda-VENEL-2048x1536.jpg 2048w\" sizes=\"auto, (max-width: 1024px) 100vw, 1024px\" \/><\/figure>\n\n\n\n<hr class=\"wp-block-separator has-alpha-channel-opacity\"\/>\n\n\n\n<h4 class=\"wp-block-heading has-text-align-center\"><strong>22 V&rsquo;LA LES FLICS <\/strong><\/h4>\n\n\n\n<figure class=\"wp-block-image size-large\"><img loading=\"lazy\" decoding=\"async\" width=\"1024\" height=\"681\" src=\"https:\/\/lautomneseranoir.fr\/wp-content\/uploads\/2023\/09\/DSC_0221-1024x681.jpg\" alt=\"\" class=\"wp-image-448\" srcset=\"https:\/\/lautomneseranoir.fr\/wp-content\/uploads\/2023\/09\/DSC_0221-1024x681.jpg 1024w, https:\/\/lautomneseranoir.fr\/wp-content\/uploads\/2023\/09\/DSC_0221-300x199.jpg 300w, https:\/\/lautomneseranoir.fr\/wp-content\/uploads\/2023\/09\/DSC_0221-768x511.jpg 768w, https:\/\/lautomneseranoir.fr\/wp-content\/uploads\/2023\/09\/DSC_0221-1536x1021.jpg 1536w, https:\/\/lautomneseranoir.fr\/wp-content\/uploads\/2023\/09\/DSC_0221-2048x1362.jpg 2048w\" sizes=\"auto, (max-width: 1024px) 100vw, 1024px\" \/><\/figure>\n\n\n\n<p>Sur le salon vous aurez la chance de d\u00e9couvrir 7 flics ou ex-flix, romanciers reconnus, r\u00e9unis dans un ouvrage unique, \u00e9dit\u00e9 et vendu au profit exclusif des orphelins de la police. Au menu, des nouvelles in\u00e9dites, autour de l\u2019enfance&#8230; mais pas que. 1,50 \u20ac revers\u00e9 aux orphelins de la police <\/p>\n\n\n\n<figure class=\"wp-block-image size-full\"><img loading=\"lazy\" decoding=\"async\" width=\"195\" height=\"334\" src=\"https:\/\/lautomneseranoir.fr\/wp-content\/uploads\/2023\/08\/41uvQko1AL._SX195_.jpg\" alt=\"\" class=\"wp-image-211\" srcset=\"https:\/\/lautomneseranoir.fr\/wp-content\/uploads\/2023\/08\/41uvQko1AL._SX195_.jpg 195w, https:\/\/lautomneseranoir.fr\/wp-content\/uploads\/2023\/08\/41uvQko1AL._SX195_-175x300.jpg 175w\" sizes=\"auto, (max-width: 195px) 100vw, 195px\" \/><figcaption class=\"wp-element-caption\">Jean-Marc Bloch\nEmmanuel Varle\nJean-Marc Souvira\nPaul Merault\nChristophe Gavat\nOlivier Damien\nDanielle Thi\u00e9ry\nFran\u00e7ois Lange\nLionel Olivier\nR\u00e9my Lasource\nLuc Watteau\nEric Dupuis\nFrank Klarczyk\n\u00c9ric Oliva\nPierre Pouchairet\nSacha Erbel\nDidier Fossey\nJean-Fran\u00e7ois Pasques\nPatrick Nieto\nChristophe Guillaumot\nIvan Zinberg\n\nOlivier Marchal (Autre)\nEAN : 9782370472113\n445 pages\nEditions Lajouanie (28\/10\/2022) \n22 flics ou ex-flics, romanciers reconnus, r\u00e9unis dans cet ouvrage unique, \u00e9dit\u00e9 et vendu au profit exclusif des orphelins de la police. Au menu, des nouvelles in\u00e9dites, autour de l\u2019enfance&#8230;\nmais pas que.\n1,50 \u20ac revers\u00e9 aux orphelins de la police <\/figcaption><\/figure>\n\n\n\n<hr class=\"wp-block-separator has-alpha-channel-opacity\"\/>\n\n\n\n<h4 class=\"wp-block-heading has-text-align-center\"><strong>LES AUTEURS PR\u00c9SENTS<\/strong><\/h4>\n\n\n\n<p>Depuis 14h30 le salon du Polar<strong> <a href=\"https:\/\/www.facebook.com\/lautomneseranoir?__cft__[0]=AZUjHMogSRDZ57D-YoyPA1Q4mE3usf0OTNGW799q_imY_TcDT0uaJ2leiG21duX2jtbky3W36p9stTIOhm1J03GuGO6c5VS6mbGJ6WT_f8jnOFC9VjxTb_wq85-XQz424-Y&amp;__tn__=-]K-R\">L&rsquo;automne sera noir<\/a><\/strong> est lanc\u00e9&#8230;<\/p>\n\n\n\n<p>Les autrices et les auteurs sont pr\u00eats pour vous expliquer leurs livres et vous faire des d\u00e9dicaces.<\/p>\n\n\n\n<p>Vous avez un escape game organis\u00e9 par la m\u00e9diath\u00e8que du Grand Dole.<\/p>\n\n\n\n<p>Une \u00e9nigme et une tombola sont organis\u00e9es qui vous permettront de gagner des livres d\u00e9dicac\u00e9s et du vin du jura.<\/p>\n\n\n\n<p><\/p>\n\n\n\n<figure class=\"wp-block-image size-large\"><img loading=\"lazy\" decoding=\"async\" width=\"1024\" height=\"681\" src=\"https:\/\/lautomneseranoir.fr\/wp-content\/uploads\/2023\/09\/Danielle-THIERY-1024x681.jpg\" alt=\"\" class=\"wp-image-429\" srcset=\"https:\/\/lautomneseranoir.fr\/wp-content\/uploads\/2023\/09\/Danielle-THIERY-1024x681.jpg 1024w, https:\/\/lautomneseranoir.fr\/wp-content\/uploads\/2023\/09\/Danielle-THIERY-300x199.jpg 300w, https:\/\/lautomneseranoir.fr\/wp-content\/uploads\/2023\/09\/Danielle-THIERY-768x511.jpg 768w, https:\/\/lautomneseranoir.fr\/wp-content\/uploads\/2023\/09\/Danielle-THIERY-1536x1021.jpg 1536w, https:\/\/lautomneseranoir.fr\/wp-content\/uploads\/2023\/09\/Danielle-THIERY-2048x1362.jpg 2048w\" sizes=\"auto, (max-width: 1024px) 100vw, 1024px\" \/><figcaption class=\"wp-element-caption\">Danielle THIERY<\/figcaption><\/figure>\n\n\n\n<figure class=\"wp-block-image size-large\"><img loading=\"lazy\" decoding=\"async\" width=\"1024\" height=\"681\" src=\"https:\/\/lautomneseranoir.fr\/wp-content\/uploads\/2023\/09\/Pierre-POUCHERET-1024x681.jpg\" alt=\"\" class=\"wp-image-440\" srcset=\"https:\/\/lautomneseranoir.fr\/wp-content\/uploads\/2023\/09\/Pierre-POUCHERET-1024x681.jpg 1024w, https:\/\/lautomneseranoir.fr\/wp-content\/uploads\/2023\/09\/Pierre-POUCHERET-300x199.jpg 300w, https:\/\/lautomneseranoir.fr\/wp-content\/uploads\/2023\/09\/Pierre-POUCHERET-768x511.jpg 768w, https:\/\/lautomneseranoir.fr\/wp-content\/uploads\/2023\/09\/Pierre-POUCHERET-1536x1021.jpg 1536w, https:\/\/lautomneseranoir.fr\/wp-content\/uploads\/2023\/09\/Pierre-POUCHERET-2048x1362.jpg 2048w\" sizes=\"auto, (max-width: 1024px) 100vw, 1024px\" \/><figcaption class=\"wp-element-caption\">Pierre POUCHERET<\/figcaption><\/figure>\n\n\n\n<figure class=\"wp-block-image size-large\"><img loading=\"lazy\" decoding=\"async\" width=\"1024\" height=\"681\" src=\"https:\/\/lautomneseranoir.fr\/wp-content\/uploads\/2023\/09\/Anouk-SHUTTEBERG-1024x681.jpg\" alt=\"\" class=\"wp-image-427\" srcset=\"https:\/\/lautomneseranoir.fr\/wp-content\/uploads\/2023\/09\/Anouk-SHUTTEBERG-1024x681.jpg 1024w, https:\/\/lautomneseranoir.fr\/wp-content\/uploads\/2023\/09\/Anouk-SHUTTEBERG-300x199.jpg 300w, https:\/\/lautomneseranoir.fr\/wp-content\/uploads\/2023\/09\/Anouk-SHUTTEBERG-768x511.jpg 768w, https:\/\/lautomneseranoir.fr\/wp-content\/uploads\/2023\/09\/Anouk-SHUTTEBERG-1536x1021.jpg 1536w, https:\/\/lautomneseranoir.fr\/wp-content\/uploads\/2023\/09\/Anouk-SHUTTEBERG-2048x1362.jpg 2048w\" sizes=\"auto, (max-width: 1024px) 100vw, 1024px\" \/><figcaption class=\"wp-element-caption\">Anouk SHUTTERBERG<\/figcaption><\/figure>\n\n\n\n<figure class=\"wp-block-image size-large\"><img loading=\"lazy\" decoding=\"async\" width=\"1024\" height=\"681\" src=\"https:\/\/lautomneseranoir.fr\/wp-content\/uploads\/2023\/09\/Christophe-GAVAT-1024x681.jpg\" alt=\"\" class=\"wp-image-428\" srcset=\"https:\/\/lautomneseranoir.fr\/wp-content\/uploads\/2023\/09\/Christophe-GAVAT-1024x681.jpg 1024w, https:\/\/lautomneseranoir.fr\/wp-content\/uploads\/2023\/09\/Christophe-GAVAT-300x199.jpg 300w, https:\/\/lautomneseranoir.fr\/wp-content\/uploads\/2023\/09\/Christophe-GAVAT-768x511.jpg 768w, https:\/\/lautomneseranoir.fr\/wp-content\/uploads\/2023\/09\/Christophe-GAVAT-1536x1021.jpg 1536w, https:\/\/lautomneseranoir.fr\/wp-content\/uploads\/2023\/09\/Christophe-GAVAT-2048x1362.jpg 2048w\" sizes=\"auto, (max-width: 1024px) 100vw, 1024px\" \/><figcaption class=\"wp-element-caption\">Christophe GAVAT<\/figcaption><\/figure>\n\n\n\n<figure class=\"wp-block-image size-large\"><img loading=\"lazy\" decoding=\"async\" width=\"1024\" height=\"681\" src=\"https:\/\/lautomneseranoir.fr\/wp-content\/uploads\/2023\/09\/Didier-FOSSEY-1024x681.jpg\" alt=\"\" class=\"wp-image-430\" srcset=\"https:\/\/lautomneseranoir.fr\/wp-content\/uploads\/2023\/09\/Didier-FOSSEY-1024x681.jpg 1024w, https:\/\/lautomneseranoir.fr\/wp-content\/uploads\/2023\/09\/Didier-FOSSEY-300x199.jpg 300w, https:\/\/lautomneseranoir.fr\/wp-content\/uploads\/2023\/09\/Didier-FOSSEY-768x511.jpg 768w, https:\/\/lautomneseranoir.fr\/wp-content\/uploads\/2023\/09\/Didier-FOSSEY-1536x1021.jpg 1536w, https:\/\/lautomneseranoir.fr\/wp-content\/uploads\/2023\/09\/Didier-FOSSEY-2048x1362.jpg 2048w\" sizes=\"auto, (max-width: 1024px) 100vw, 1024px\" \/><figcaption class=\"wp-element-caption\">Didier FOSSEY<\/figcaption><\/figure>\n\n\n\n<figure class=\"wp-block-image size-large\"><img loading=\"lazy\" decoding=\"async\" width=\"1024\" height=\"681\" src=\"https:\/\/lautomneseranoir.fr\/wp-content\/uploads\/2023\/09\/Emmanuel-VARLE-1024x681.jpg\" alt=\"\" class=\"wp-image-431\" srcset=\"https:\/\/lautomneseranoir.fr\/wp-content\/uploads\/2023\/09\/Emmanuel-VARLE-1024x681.jpg 1024w, https:\/\/lautomneseranoir.fr\/wp-content\/uploads\/2023\/09\/Emmanuel-VARLE-300x199.jpg 300w, https:\/\/lautomneseranoir.fr\/wp-content\/uploads\/2023\/09\/Emmanuel-VARLE-768x511.jpg 768w, https:\/\/lautomneseranoir.fr\/wp-content\/uploads\/2023\/09\/Emmanuel-VARLE-1536x1021.jpg 1536w, https:\/\/lautomneseranoir.fr\/wp-content\/uploads\/2023\/09\/Emmanuel-VARLE-2048x1362.jpg 2048w\" sizes=\"auto, (max-width: 1024px) 100vw, 1024px\" \/><figcaption class=\"wp-element-caption\">Emmanuel VARLE<\/figcaption><\/figure>\n\n\n\n<figure class=\"wp-block-image size-large\"><img loading=\"lazy\" decoding=\"async\" width=\"1024\" height=\"681\" src=\"https:\/\/lautomneseranoir.fr\/wp-content\/uploads\/2023\/09\/Eric-DUPUIS-1024x681.jpg\" alt=\"\" class=\"wp-image-432\" srcset=\"https:\/\/lautomneseranoir.fr\/wp-content\/uploads\/2023\/09\/Eric-DUPUIS-1024x681.jpg 1024w, https:\/\/lautomneseranoir.fr\/wp-content\/uploads\/2023\/09\/Eric-DUPUIS-300x199.jpg 300w, https:\/\/lautomneseranoir.fr\/wp-content\/uploads\/2023\/09\/Eric-DUPUIS-768x511.jpg 768w, https:\/\/lautomneseranoir.fr\/wp-content\/uploads\/2023\/09\/Eric-DUPUIS-1536x1021.jpg 1536w, https:\/\/lautomneseranoir.fr\/wp-content\/uploads\/2023\/09\/Eric-DUPUIS-2048x1362.jpg 2048w\" sizes=\"auto, (max-width: 1024px) 100vw, 1024px\" \/><figcaption class=\"wp-element-caption\">Eric DUPUIS<\/figcaption><\/figure>\n\n\n\n<figure class=\"wp-block-image size-large\"><img loading=\"lazy\" decoding=\"async\" width=\"1024\" height=\"681\" src=\"https:\/\/lautomneseranoir.fr\/wp-content\/uploads\/2023\/09\/Isabelle-DESAULVE-1024x681.jpg\" alt=\"\" class=\"wp-image-433\" srcset=\"https:\/\/lautomneseranoir.fr\/wp-content\/uploads\/2023\/09\/Isabelle-DESAULVE-1024x681.jpg 1024w, https:\/\/lautomneseranoir.fr\/wp-content\/uploads\/2023\/09\/Isabelle-DESAULVE-300x199.jpg 300w, https:\/\/lautomneseranoir.fr\/wp-content\/uploads\/2023\/09\/Isabelle-DESAULVE-768x511.jpg 768w, https:\/\/lautomneseranoir.fr\/wp-content\/uploads\/2023\/09\/Isabelle-DESAULVE-1536x1021.jpg 1536w, https:\/\/lautomneseranoir.fr\/wp-content\/uploads\/2023\/09\/Isabelle-DESAULVE-2048x1362.jpg 2048w\" sizes=\"auto, (max-width: 1024px) 100vw, 1024px\" \/><figcaption class=\"wp-element-caption\">Isabelle DESAULVE<\/figcaption><\/figure>\n\n\n\n<figure class=\"wp-block-image size-large\"><img loading=\"lazy\" decoding=\"async\" width=\"1024\" height=\"681\" src=\"https:\/\/lautomneseranoir.fr\/wp-content\/uploads\/2023\/09\/James-HOLLIN-1024x681.jpg\" alt=\"\" class=\"wp-image-434\" srcset=\"https:\/\/lautomneseranoir.fr\/wp-content\/uploads\/2023\/09\/James-HOLLIN-1024x681.jpg 1024w, https:\/\/lautomneseranoir.fr\/wp-content\/uploads\/2023\/09\/James-HOLLIN-300x199.jpg 300w, https:\/\/lautomneseranoir.fr\/wp-content\/uploads\/2023\/09\/James-HOLLIN-768x511.jpg 768w, https:\/\/lautomneseranoir.fr\/wp-content\/uploads\/2023\/09\/James-HOLLIN-1536x1021.jpg 1536w, https:\/\/lautomneseranoir.fr\/wp-content\/uploads\/2023\/09\/James-HOLLIN-2048x1362.jpg 2048w\" sizes=\"auto, (max-width: 1024px) 100vw, 1024px\" \/><figcaption class=\"wp-element-caption\">James HOLLIN<\/figcaption><\/figure>\n\n\n\n<figure class=\"wp-block-image size-large\"><img loading=\"lazy\" decoding=\"async\" width=\"1024\" height=\"681\" src=\"https:\/\/lautomneseranoir.fr\/wp-content\/uploads\/2023\/09\/Jean-Pierre-FAVARD-1024x681.jpg\" alt=\"\" class=\"wp-image-435\" srcset=\"https:\/\/lautomneseranoir.fr\/wp-content\/uploads\/2023\/09\/Jean-Pierre-FAVARD-1024x681.jpg 1024w, https:\/\/lautomneseranoir.fr\/wp-content\/uploads\/2023\/09\/Jean-Pierre-FAVARD-300x199.jpg 300w, https:\/\/lautomneseranoir.fr\/wp-content\/uploads\/2023\/09\/Jean-Pierre-FAVARD-768x511.jpg 768w, https:\/\/lautomneseranoir.fr\/wp-content\/uploads\/2023\/09\/Jean-Pierre-FAVARD-1536x1021.jpg 1536w, https:\/\/lautomneseranoir.fr\/wp-content\/uploads\/2023\/09\/Jean-Pierre-FAVARD-2048x1362.jpg 2048w\" sizes=\"auto, (max-width: 1024px) 100vw, 1024px\" \/><figcaption class=\"wp-element-caption\">Jean Pierre FAVARD<\/figcaption><\/figure>\n\n\n\n<figure class=\"wp-block-image size-large\"><img loading=\"lazy\" decoding=\"async\" width=\"1024\" height=\"681\" src=\"https:\/\/lautomneseranoir.fr\/wp-content\/uploads\/2023\/09\/Jean-Paul-PACHOLEC-1024x681.jpg\" alt=\"\" class=\"wp-image-436\" srcset=\"https:\/\/lautomneseranoir.fr\/wp-content\/uploads\/2023\/09\/Jean-Paul-PACHOLEC-1024x681.jpg 1024w, https:\/\/lautomneseranoir.fr\/wp-content\/uploads\/2023\/09\/Jean-Paul-PACHOLEC-300x199.jpg 300w, https:\/\/lautomneseranoir.fr\/wp-content\/uploads\/2023\/09\/Jean-Paul-PACHOLEC-768x511.jpg 768w, https:\/\/lautomneseranoir.fr\/wp-content\/uploads\/2023\/09\/Jean-Paul-PACHOLEC-1536x1021.jpg 1536w, https:\/\/lautomneseranoir.fr\/wp-content\/uploads\/2023\/09\/Jean-Paul-PACHOLEC-2048x1362.jpg 2048w\" sizes=\"auto, (max-width: 1024px) 100vw, 1024px\" \/><figcaption class=\"wp-element-caption\">Jean-Paul PACHOLEC<\/figcaption><\/figure>\n\n\n\n<figure class=\"wp-block-image size-large\"><img loading=\"lazy\" decoding=\"async\" width=\"1024\" height=\"681\" src=\"https:\/\/lautomneseranoir.fr\/wp-content\/uploads\/2023\/09\/Laurent-PHILLIPARIE-1024x681.jpg\" alt=\"\" class=\"wp-image-437\" srcset=\"https:\/\/lautomneseranoir.fr\/wp-content\/uploads\/2023\/09\/Laurent-PHILLIPARIE-1024x681.jpg 1024w, https:\/\/lautomneseranoir.fr\/wp-content\/uploads\/2023\/09\/Laurent-PHILLIPARIE-300x199.jpg 300w, https:\/\/lautomneseranoir.fr\/wp-content\/uploads\/2023\/09\/Laurent-PHILLIPARIE-768x511.jpg 768w, https:\/\/lautomneseranoir.fr\/wp-content\/uploads\/2023\/09\/Laurent-PHILLIPARIE-1536x1021.jpg 1536w, https:\/\/lautomneseranoir.fr\/wp-content\/uploads\/2023\/09\/Laurent-PHILLIPARIE-2048x1362.jpg 2048w\" sizes=\"auto, (max-width: 1024px) 100vw, 1024px\" \/><figcaption class=\"wp-element-caption\">Laurent PHILLIPARIE<\/figcaption><\/figure>\n\n\n\n<figure class=\"wp-block-image size-large\"><img loading=\"lazy\" decoding=\"async\" width=\"1024\" height=\"681\" src=\"https:\/\/lautomneseranoir.fr\/wp-content\/uploads\/2023\/09\/Marie-Helene-BRANCIARD-1024x681.jpg\" alt=\"\" class=\"wp-image-438\" srcset=\"https:\/\/lautomneseranoir.fr\/wp-content\/uploads\/2023\/09\/Marie-Helene-BRANCIARD-1024x681.jpg 1024w, https:\/\/lautomneseranoir.fr\/wp-content\/uploads\/2023\/09\/Marie-Helene-BRANCIARD-300x199.jpg 300w, https:\/\/lautomneseranoir.fr\/wp-content\/uploads\/2023\/09\/Marie-Helene-BRANCIARD-768x511.jpg 768w, https:\/\/lautomneseranoir.fr\/wp-content\/uploads\/2023\/09\/Marie-Helene-BRANCIARD-1536x1021.jpg 1536w, https:\/\/lautomneseranoir.fr\/wp-content\/uploads\/2023\/09\/Marie-Helene-BRANCIARD-2048x1362.jpg 2048w\" sizes=\"auto, (max-width: 1024px) 100vw, 1024px\" \/><figcaption class=\"wp-element-caption\">Marie Helene BRANCIARD<\/figcaption><\/figure>\n\n\n\n<figure class=\"wp-block-image size-large\"><img loading=\"lazy\" decoding=\"async\" width=\"1024\" height=\"681\" src=\"https:\/\/lautomneseranoir.fr\/wp-content\/uploads\/2023\/09\/Ophelie-COHEN-1024x681.jpg\" alt=\"\" class=\"wp-image-439\" srcset=\"https:\/\/lautomneseranoir.fr\/wp-content\/uploads\/2023\/09\/Ophelie-COHEN-1024x681.jpg 1024w, https:\/\/lautomneseranoir.fr\/wp-content\/uploads\/2023\/09\/Ophelie-COHEN-300x199.jpg 300w, https:\/\/lautomneseranoir.fr\/wp-content\/uploads\/2023\/09\/Ophelie-COHEN-768x511.jpg 768w, https:\/\/lautomneseranoir.fr\/wp-content\/uploads\/2023\/09\/Ophelie-COHEN-1536x1021.jpg 1536w, https:\/\/lautomneseranoir.fr\/wp-content\/uploads\/2023\/09\/Ophelie-COHEN-2048x1362.jpg 2048w\" sizes=\"auto, (max-width: 1024px) 100vw, 1024px\" \/><figcaption class=\"wp-element-caption\">Oph\u00e9lie COHEN<\/figcaption><\/figure>\n\n\n\n<figure class=\"wp-block-image size-large\"><img loading=\"lazy\" decoding=\"async\" width=\"1024\" height=\"681\" src=\"https:\/\/lautomneseranoir.fr\/wp-content\/uploads\/2023\/09\/Romain-R.-MARTIN-1024x681.jpg\" alt=\"\" class=\"wp-image-441\" srcset=\"https:\/\/lautomneseranoir.fr\/wp-content\/uploads\/2023\/09\/Romain-R.-MARTIN-1024x681.jpg 1024w, https:\/\/lautomneseranoir.fr\/wp-content\/uploads\/2023\/09\/Romain-R.-MARTIN-300x199.jpg 300w, https:\/\/lautomneseranoir.fr\/wp-content\/uploads\/2023\/09\/Romain-R.-MARTIN-768x511.jpg 768w, https:\/\/lautomneseranoir.fr\/wp-content\/uploads\/2023\/09\/Romain-R.-MARTIN-1536x1021.jpg 1536w, https:\/\/lautomneseranoir.fr\/wp-content\/uploads\/2023\/09\/Romain-R.-MARTIN-2048x1362.jpg 2048w\" sizes=\"auto, (max-width: 1024px) 100vw, 1024px\" \/><figcaption class=\"wp-element-caption\">Romain R. MARTIN<\/figcaption><\/figure>\n\n\n\n<figure class=\"wp-block-image size-large\"><img loading=\"lazy\" decoding=\"async\" width=\"1024\" height=\"681\" src=\"https:\/\/lautomneseranoir.fr\/wp-content\/uploads\/2023\/09\/Sacha-ERBEL-1024x681.jpg\" alt=\"\" class=\"wp-image-442\" srcset=\"https:\/\/lautomneseranoir.fr\/wp-content\/uploads\/2023\/09\/Sacha-ERBEL-1024x681.jpg 1024w, https:\/\/lautomneseranoir.fr\/wp-content\/uploads\/2023\/09\/Sacha-ERBEL-300x199.jpg 300w, https:\/\/lautomneseranoir.fr\/wp-content\/uploads\/2023\/09\/Sacha-ERBEL-768x511.jpg 768w, https:\/\/lautomneseranoir.fr\/wp-content\/uploads\/2023\/09\/Sacha-ERBEL-1536x1021.jpg 1536w, https:\/\/lautomneseranoir.fr\/wp-content\/uploads\/2023\/09\/Sacha-ERBEL-2048x1362.jpg 2048w\" sizes=\"auto, (max-width: 1024px) 100vw, 1024px\" \/><figcaption class=\"wp-element-caption\">Sacha ERBEL<\/figcaption><\/figure>\n\n\n\n<figure class=\"wp-block-image size-large\"><img loading=\"lazy\" decoding=\"async\" width=\"1024\" height=\"681\" src=\"https:\/\/lautomneseranoir.fr\/wp-content\/uploads\/2023\/09\/Sandrine-DUROCHAT-1024x681.jpg\" alt=\"\" class=\"wp-image-443\" srcset=\"https:\/\/lautomneseranoir.fr\/wp-content\/uploads\/2023\/09\/Sandrine-DUROCHAT-1024x681.jpg 1024w, https:\/\/lautomneseranoir.fr\/wp-content\/uploads\/2023\/09\/Sandrine-DUROCHAT-300x199.jpg 300w, https:\/\/lautomneseranoir.fr\/wp-content\/uploads\/2023\/09\/Sandrine-DUROCHAT-768x511.jpg 768w, https:\/\/lautomneseranoir.fr\/wp-content\/uploads\/2023\/09\/Sandrine-DUROCHAT-1536x1021.jpg 1536w, https:\/\/lautomneseranoir.fr\/wp-content\/uploads\/2023\/09\/Sandrine-DUROCHAT-2048x1362.jpg 2048w\" sizes=\"auto, (max-width: 1024px) 100vw, 1024px\" \/><figcaption class=\"wp-element-caption\">Sandrine DUROCHAT<\/figcaption><\/figure>\n\n\n\n<figure class=\"wp-block-image size-large\"><img loading=\"lazy\" decoding=\"async\" width=\"1024\" height=\"681\" src=\"https:\/\/lautomneseranoir.fr\/wp-content\/uploads\/2023\/09\/Sebastien-THEVENY-1024x681.jpg\" alt=\"\" class=\"wp-image-444\" srcset=\"https:\/\/lautomneseranoir.fr\/wp-content\/uploads\/2023\/09\/Sebastien-THEVENY-1024x681.jpg 1024w, https:\/\/lautomneseranoir.fr\/wp-content\/uploads\/2023\/09\/Sebastien-THEVENY-300x199.jpg 300w, https:\/\/lautomneseranoir.fr\/wp-content\/uploads\/2023\/09\/Sebastien-THEVENY-768x511.jpg 768w, https:\/\/lautomneseranoir.fr\/wp-content\/uploads\/2023\/09\/Sebastien-THEVENY-1536x1021.jpg 1536w, https:\/\/lautomneseranoir.fr\/wp-content\/uploads\/2023\/09\/Sebastien-THEVENY-2048x1362.jpg 2048w\" sizes=\"auto, (max-width: 1024px) 100vw, 1024px\" \/><figcaption class=\"wp-element-caption\">Sebastien THEVENY<\/figcaption><\/figure>\n\n\n\n<figure class=\"wp-block-image size-large\"><img loading=\"lazy\" decoding=\"async\" width=\"1024\" height=\"681\" src=\"https:\/\/lautomneseranoir.fr\/wp-content\/uploads\/2023\/09\/Xavier-MASSE-1024x681.jpg\" alt=\"\" class=\"wp-image-445\" srcset=\"https:\/\/lautomneseranoir.fr\/wp-content\/uploads\/2023\/09\/Xavier-MASSE-1024x681.jpg 1024w, https:\/\/lautomneseranoir.fr\/wp-content\/uploads\/2023\/09\/Xavier-MASSE-300x199.jpg 300w, https:\/\/lautomneseranoir.fr\/wp-content\/uploads\/2023\/09\/Xavier-MASSE-768x511.jpg 768w, https:\/\/lautomneseranoir.fr\/wp-content\/uploads\/2023\/09\/Xavier-MASSE-1536x1021.jpg 1536w, https:\/\/lautomneseranoir.fr\/wp-content\/uploads\/2023\/09\/Xavier-MASSE-2048x1362.jpg 2048w\" sizes=\"auto, (max-width: 1024px) 100vw, 1024px\" \/><figcaption class=\"wp-element-caption\">Xavier MASS\u00c9<\/figcaption><\/figure>\n","protected":false},"excerpt":{"rendered":"<p>SALON 2024 LES AUTEURS PR\u00c9SENTS Le samedi 7 au dimanche 8 septembre 2024, les autrices et les auteurs ont pr\u00e9sent\u00e9s leur dernier livre ainsi que les autres. Pour certains, ils ont particip\u00e9 \u00e0 des tables rondes. Ils ont \u00e9galement d\u00e9dicac\u00e9 leurs livres. REMISE DE PRIX Dans l&rsquo;apr\u00e8s-midi du samedi, le Prix D\u00e9couverte LA VOUIVRE pour [&hellip;]<\/p>\n","protected":false},"author":1,"featured_media":0,"parent":0,"menu_order":0,"comment_status":"open","ping_status":"closed","template":"","meta":{"footnotes":""},"class_list":["post-414","page","type-page","status-publish","hentry"],"_links":{"self":[{"href":"https:\/\/lautomneseranoir.fr\/index.php\/wp-json\/wp\/v2\/pages\/414","targetHints":{"allow":["GET"]}}],"collection":[{"href":"https:\/\/lautomneseranoir.fr\/index.php\/wp-json\/wp\/v2\/pages"}],"about":[{"href":"https:\/\/lautomneseranoir.fr\/index.php\/wp-json\/wp\/v2\/types\/page"}],"author":[{"embeddable":true,"href":"https:\/\/lautomneseranoir.fr\/index.php\/wp-json\/wp\/v2\/users\/1"}],"replies":[{"embeddable":true,"href":"https:\/\/lautomneseranoir.fr\/index.php\/wp-json\/wp\/v2\/comments?post=414"}],"version-history":[{"count":10,"href":"https:\/\/lautomneseranoir.fr\/index.php\/wp-json\/wp\/v2\/pages\/414\/revisions"}],"predecessor-version":[{"id":755,"href":"https:\/\/lautomneseranoir.fr\/index.php\/wp-json\/wp\/v2\/pages\/414\/revisions\/755"}],"wp:attachment":[{"href":"https:\/\/lautomneseranoir.fr\/index.php\/wp-json\/wp\/v2\/media?parent=414"}],"curies":[{"name":"wp","href":"https:\/\/api.w.org\/{rel}","templated":true}]}}